{"id":999,"date":"2023-06-22T09:41:03","date_gmt":"2023-06-22T07:41:03","guid":{"rendered":"http:\/\/eden-hotel.com\/hotel-a-levico-terme\/"},"modified":"2026-04-29T11:55:34","modified_gmt":"2026-04-29T09:55:34","slug":"hotel-a-levico-terme","status":"publish","type":"page","link":"https:\/\/eden-hotel.com\/de\/hotel-a-levico-terme\/","title":{"rendered":"Hotel a Levico Terme"},"content":{"rendered":"<section class=\"l-section wpb_row us_custom_9417a118 hide_on_tablets hide_on_mobiles height_medium full_height valign_center\"><div class=\"l-section-h i-cf\"><div class=\"g-cols vc_row via_grid cols_1 laptops-cols_inherit tablets-cols_inherit mobiles-cols_1 valign_top type_default stacking_default\"><div class=\"wpb_column vc_column_container\"><div class=\"vc_column-inner\"><div class=\"w-vwrapper us_custom_1e8286f0 align_none valign_top\"><div class=\"wpb_text_column\"><div class=\"wpb_wrapper\"><h1 class=\"uk-heading-medium uk-font-secondary uk-margin-small uk-width-large uk-text-left\">EDEN HOTEL LEVICO TERME<\/h1>\n<\/div><\/div><div class=\"w-image us_custom_24e0693b align_none\"><div class=\"w-image-h\"><img decoding=\"async\" width=\"290\" height=\"71\" src=\"https:\/\/eden-hotel.com\/wp-content\/uploads\/2023\/06\/separatore-50aa8bf4.png\" class=\"attachment-large size-large\" alt=\"\" loading=\"lazy\" \/><\/div><\/div><div class=\"wpb_text_column us_custom_7d28caca\"><div class=\"wpb_wrapper\"><p>Ein besonderer Empfang, ein erholsamer Aufenthalt inmitten der Sch\u00f6nheit von Levico Terme, wo Sie den Glanz des Levico-Sees und die Einzigartigkeit der Berge erleben k\u00f6nnen, die unser Valsugana so besonders machen.<\/p>\n<\/div><\/div><\/div><\/div><\/div><\/div><\/div><\/section><section class=\"l-section wpb_row us_custom_9417a118 hide_on_default hide_on_laptops height_medium full_height valign_center color_primary\"><div class=\"l-section-overlay\" style=\"background:rgba(0,0,0,0.30)\"><\/div><div class=\"l-section-h i-cf\"><div class=\"g-cols vc_row via_grid cols_1 laptops-cols_inherit tablets-cols_inherit mobiles-cols_1 valign_top type_default stacking_default\"><div class=\"wpb_column vc_column_container\"><div class=\"vc_column-inner\"><div class=\"w-vwrapper us_custom_59aee68e align_none valign_top\"><div class=\"wpb_text_column us_custom_9e593153 has_text_color\"><div class=\"wpb_wrapper\"><p>EDEN HOTEL LEVICO TERME<\/p>\n<\/div><\/div><div class=\"w-image us_custom_9047c4b3 align_none\"><div class=\"w-image-h\"><img decoding=\"async\" width=\"290\" height=\"71\" src=\"https:\/\/eden-hotel.com\/wp-content\/uploads\/2023\/06\/separatore-50aa8bf4.png\" class=\"attachment-large size-large\" alt=\"\" loading=\"lazy\" \/><\/div><\/div><div class=\"wpb_text_column us_custom_37f8f83c\"><div class=\"wpb_wrapper\"><p>Der Empfang und der Komfort eines Hotels, die Freiheit eines B&amp;B<\/p>\n<\/div><\/div><div class=\"w-separator size_medium\"><\/div><div class=\"w-image us_custom_d77bca1a us_animate_this align_center\"><a target=\"_blank\" rel=\"nofollow\" href=\"https:\/\/www.secure-reservation.cloud\/booking-engine\/?portal=hoteleden-levicoterme&amp;lang=de\" aria-label=\"miglioretariffa\" class=\"w-image-h\"><img decoding=\"async\" width=\"240\" height=\"80\" src=\"https:\/\/eden-hotel.com\/wp-content\/uploads\/2023\/06\/miglioretariffa.png\" class=\"attachment-large size-large\" alt=\"Hotel Eden Levico Terme\" loading=\"lazy\" \/><\/a><\/div><\/div><\/div><\/div><\/div><\/div><\/section><section class=\"l-section wpb_row height_large\"><div class=\"l-section-h i-cf\"><div class=\"g-cols vc_row via_grid cols_1 laptops-cols_inherit tablets-cols_inherit mobiles-cols_1 valign_top type_default stacking_default\"><div class=\"wpb_column vc_column_container\"><div class=\"vc_column-inner\"><div class=\"g-cols wpb_row via_grid cols_1-2 laptops-cols_inherit tablets-cols_inherit mobiles-cols_1 valign_top type_default stacking_default\" style=\"--columns-gap:3rem;\"><div class=\"wpb_column vc_column_container\"><div class=\"vc_column-inner\"><div class=\"wpb_text_column\"><div class=\"wpb_wrapper\"><h2 class=\"uk-h3 uk-margin-small\">Hotel mit Wellnessbereich in Levico Terme<\/h2>\n<\/div><\/div><\/div><\/div><div class=\"wpb_column vc_column_container\"><div class=\"vc_column-inner\"><div class=\"wpb_text_column\"><div class=\"wpb_wrapper\"><p>ein Gl\u00fcckwunsch, den wir seit schon 3 Generationen unseren G\u00e4sten aussprechen, ein aufrichtiger Gl\u00fcckwunsch, den wir mit Professionalit\u00e4t und Verf\u00fcgung erf\u00fcllen k\u00f6nnen. Bei uns werdet Ihr den Zauber eines 1892-Hotels erleben, das neben der Therme, ganz nah am Stadtzentrum und 800 Mt. vom See liegt. Ihr werdet in unseren Zimmer mit Klimaanlage, Minibar, Direktwahltelefon, Modeman-schluss, ADSL Hot Spot, Sat-TV, Haartrockner und Safe verw\u00f6hnen. Klimatisierte Wohn-, Konfe-renz- und Restaurantr\u00e4ume in &#8222;Fin de Si\u00e8cle&#8220; \u2013 Atmosph\u00e4re.<\/p>\n<p>Ihr k\u00f6nnt einen Aperitif an unserer Bar genie\u00dfen oder eine unserer wunderbaren Trentiner Schn\u00e4pse verkosten.<\/p>\n<p>Euch wird es gefallen, unser Restaurant mit interessanten gastronomischen Vorschl\u00e4gen zu entdecken, die sich vom Klassischen zum Moderne bewegen, mit einer besonderen Aufmerksamkeit auf die Pro-dukte und die Geschm\u00e4cke des Trentiner Landes, alles von einer reichen Weinauswahl begleitet. Qua-lifizierte Mitarbeiter werden sich um Eure Pflege im Wellnessbereich k\u00fcmmern, der \u00fcber Hallenbad, Sauna, Kneipp, Hydromassage, Aromaduschen und Beautyabteilung verf\u00fcgt. W\u00e4hrend Sie ein Son-nenbad auf unserem Roof Garden nehmt, k\u00f6nnt ihr eine unvergleichbare Aussicht auf Levico, den See und die Bergen bewundern, die uns umringen. Endlich werden wir uns dar\u00fcber freuen, Ihr zur Aus-wahl der Aktivit\u00e4ten zu f\u00fchren, die unsere Traditionen, Kultur und Umwelt kennzeichnen.<\/p>\n<p>Wir warten auf Euch&#8230;<\/p>\n<\/div><\/div><\/div><\/div><\/div><\/div><\/div><\/div><\/div><\/section><section class=\"l-section wpb_row height_medium\"><div class=\"l-section-h i-cf\"><div class=\"g-cols vc_row via_grid cols_1 laptops-cols_inherit tablets-cols_inherit mobiles-cols_1 valign_top type_default stacking_default\"><div class=\"wpb_column vc_column_container\"><div class=\"vc_column-inner\"><div class=\"w-grid us_post_carousel apply_url_params type_carousel layout_gallery_cropped preload_style_spinner items_3 ratio_1x1\" id=\"us_post_list_me52\" style=\"--items:3;--gap:0.5rem;--item-ratio:1;\"><style>.layout_gallery_cropped .w-grid-item-h{}.layout_gallery_cropped .usg_post_image_1{position:absolute!important;left:0!important;top:0!important;bottom:0!important;right:0!important}<\/style><div class=\"w-grid-list owl-carousel valign_stretch dotstyle_circle navstyle_circle arrows-ver-pos_middle arrows-hor-pos_on_sides_outside arrows-disabled_hide owl-responsive-2000 with_arrows\" style=\"--transition-duration:350ms;--arrows-size:1.5rem;--arrows-gap:10px;\">\t<article class=\"w-grid-item size_1x1 post-1487 attachment type-attachment status-inherit hentry\" data-id=\"1487\">\r\n\t\t<div class=\"w-grid-item-h\">\r\n\t\t\t\t\t\t\t<a ref=\"magnificPopupGrid\" href=\"https:\/\/eden-hotel.com\/wp-content\/uploads\/2023\/09\/OND07922.jpg\" class=\"w-grid-item-anchor\" aria-label=\"Hotel Eden Levico Terme\"><\/a>\r\n\t\t\t\t\t\t<div class=\"w-post-elm post_image usg_post_image_1 stretched\"><img loading=\"lazy\" decoding=\"async\" width=\"1024\" height=\"683\" src=\"https:\/\/eden-hotel.com\/wp-content\/uploads\/2023\/09\/OND07922-1024x683.jpg\" class=\"attachment-large size-large\" alt=\"Hotel Eden Levico Terme\" srcset=\"https:\/\/eden-hotel.com\/wp-content\/uploads\/2023\/09\/OND07922-1024x683.jpg 1024w, https:\/\/eden-hotel.com\/wp-content\/uploads\/2023\/09\/OND07922-300x200.jpg 300w, https:\/\/eden-hotel.com\/wp-content\/uploads\/2023\/09\/OND07922.jpg 1920w\" sizes=\"auto, (max-width: 1024px) 100vw, 1024px\" \/><\/div>\t\t<\/div>\r\n\t\t\t<\/article>\r\n\t<article class=\"w-grid-item size_1x1 post-1490 attachment type-attachment status-inherit hentry\" data-id=\"1490\">\r\n\t\t<div class=\"w-grid-item-h\">\r\n\t\t\t\t\t\t\t<a ref=\"magnificPopupGrid\" href=\"https:\/\/eden-hotel.com\/wp-content\/uploads\/2023\/09\/OND07927.jpg\" class=\"w-grid-item-anchor\" aria-label=\"Hotel Eden Levico Terme\"><\/a>\r\n\t\t\t\t\t\t<div class=\"w-post-elm post_image usg_post_image_1 stretched\"><img loading=\"lazy\" decoding=\"async\" width=\"1024\" height=\"683\" src=\"https:\/\/eden-hotel.com\/wp-content\/uploads\/2023\/09\/OND07927-1024x683.jpg\" class=\"attachment-large size-large\" alt=\"Hotel Eden Levico Terme\" srcset=\"https:\/\/eden-hotel.com\/wp-content\/uploads\/2023\/09\/OND07927-1024x683.jpg 1024w, https:\/\/eden-hotel.com\/wp-content\/uploads\/2023\/09\/OND07927-300x200.jpg 300w, https:\/\/eden-hotel.com\/wp-content\/uploads\/2023\/09\/OND07927.jpg 1920w\" sizes=\"auto, (max-width: 1024px) 100vw, 1024px\" \/><\/div>\t\t<\/div>\r\n\t\t\t<\/article>\r\n\t<article class=\"w-grid-item size_1x1 post-1478 attachment type-attachment status-inherit hentry\" data-id=\"1478\">\r\n\t\t<div class=\"w-grid-item-h\">\r\n\t\t\t\t\t\t\t<a ref=\"magnificPopupGrid\" href=\"https:\/\/eden-hotel.com\/wp-content\/uploads\/2023\/09\/OND08271.jpg\" class=\"w-grid-item-anchor\" aria-label=\"Hotel con terrazza a Levico Terme\"><\/a>\r\n\t\t\t\t\t\t<div class=\"w-post-elm post_image usg_post_image_1 stretched\"><img loading=\"lazy\" decoding=\"async\" width=\"1024\" height=\"683\" src=\"https:\/\/eden-hotel.com\/wp-content\/uploads\/2023\/09\/OND08271-1024x683.jpg\" class=\"attachment-large size-large\" alt=\"Hotel con terrazza a Levico Terme\" srcset=\"https:\/\/eden-hotel.com\/wp-content\/uploads\/2023\/09\/OND08271-1024x683.jpg 1024w, https:\/\/eden-hotel.com\/wp-content\/uploads\/2023\/09\/OND08271-300x200.jpg 300w, https:\/\/eden-hotel.com\/wp-content\/uploads\/2023\/09\/OND08271.jpg 1920w\" sizes=\"auto, (max-width: 1024px) 100vw, 1024px\" \/><\/div>\t\t<\/div>\r\n\t\t\t<\/article>\r\n\t<article class=\"w-grid-item size_1x1 post-1481 attachment type-attachment status-inherit hentry\" data-id=\"1481\">\r\n\t\t<div class=\"w-grid-item-h\">\r\n\t\t\t\t\t\t\t<a ref=\"magnificPopupGrid\" href=\"https:\/\/eden-hotel.com\/wp-content\/uploads\/2023\/09\/OND08277.jpg\" class=\"w-grid-item-anchor\" aria-label=\"Hotel con terrazza a Levico Terme\"><\/a>\r\n\t\t\t\t\t\t<div class=\"w-post-elm post_image usg_post_image_1 stretched\"><img loading=\"lazy\" decoding=\"async\" width=\"1024\" height=\"683\" src=\"https:\/\/eden-hotel.com\/wp-content\/uploads\/2023\/09\/OND08277-1024x683.jpg\" class=\"attachment-large size-large\" alt=\"Hotel con terrazza a Levico Terme\" srcset=\"https:\/\/eden-hotel.com\/wp-content\/uploads\/2023\/09\/OND08277-1024x683.jpg 1024w, https:\/\/eden-hotel.com\/wp-content\/uploads\/2023\/09\/OND08277-300x200.jpg 300w, https:\/\/eden-hotel.com\/wp-content\/uploads\/2023\/09\/OND08277.jpg 1920w\" sizes=\"auto, (max-width: 1024px) 100vw, 1024px\" \/><\/div>\t\t<\/div>\r\n\t\t\t<\/article>\r\n\t<article class=\"w-grid-item size_1x1 post-1484 attachment type-attachment status-inherit hentry\" data-id=\"1484\">\r\n\t\t<div class=\"w-grid-item-h\">\r\n\t\t\t\t\t\t\t<a ref=\"magnificPopupGrid\" href=\"https:\/\/eden-hotel.com\/wp-content\/uploads\/2023\/09\/OND08297.jpg\" class=\"w-grid-item-anchor\" aria-label=\"Hotel con terrazza a Levico Terme\"><\/a>\r\n\t\t\t\t\t\t<div class=\"w-post-elm post_image usg_post_image_1 stretched\"><img loading=\"lazy\" decoding=\"async\" width=\"1024\" height=\"683\" src=\"https:\/\/eden-hotel.com\/wp-content\/uploads\/2023\/09\/OND08297-1024x683.jpg\" class=\"attachment-large size-large\" alt=\"Hotel con terrazza a Levico Terme\" srcset=\"https:\/\/eden-hotel.com\/wp-content\/uploads\/2023\/09\/OND08297-1024x683.jpg 1024w, https:\/\/eden-hotel.com\/wp-content\/uploads\/2023\/09\/OND08297-300x200.jpg 300w, https:\/\/eden-hotel.com\/wp-content\/uploads\/2023\/09\/OND08297.jpg 1920w\" sizes=\"auto, (max-width: 1024px) 100vw, 1024px\" \/><\/div>\t\t<\/div>\r\n\t\t\t<\/article>\r\n<\/div><div class=\"w-grid-carousel-json hidden\" onclick='return {&quot;carousel_settings&quot;:{&quot;aria_labels&quot;:{&quot;prev&quot;:&quot;Zur\\u00fcck&quot;,&quot;next&quot;:&quot;Weiter&quot;},&quot;autoplayContinual&quot;:false,&quot;autoplayHoverPause&quot;:false,&quot;autoplayTimeout&quot;:3000,&quot;autoWidth&quot;:false,&quot;smartSpeed&quot;:350,&quot;margin&quot;:0,&quot;mouseDrag&quot;:true,&quot;rtl&quot;:false,&quot;slideBy&quot;:&quot;1&quot;,&quot;touchDrag&quot;:true,&quot;slideTransition&quot;:&quot;&quot;,&quot;responsive&quot;:{&quot;0&quot;:{&quot;autoHeight&quot;:false,&quot;autoplay&quot;:true,&quot;autoWidth&quot;:false,&quot;center&quot;:false,&quot;dots&quot;:false,&quot;items&quot;:1,&quot;loop&quot;:true,&quot;nav&quot;:false,&quot;stagePadding&quot;:0,&quot;slideBy&quot;:&quot;1&quot;},&quot;601&quot;:{&quot;autoHeight&quot;:false,&quot;autoplay&quot;:true,&quot;autoWidth&quot;:false,&quot;center&quot;:false,&quot;dots&quot;:false,&quot;items&quot;:2,&quot;loop&quot;:true,&quot;nav&quot;:true,&quot;stagePadding&quot;:0,&quot;slideBy&quot;:&quot;1&quot;},&quot;1025&quot;:{&quot;autoHeight&quot;:false,&quot;autoplay&quot;:true,&quot;autoWidth&quot;:false,&quot;center&quot;:false,&quot;dots&quot;:false,&quot;items&quot;:3,&quot;loop&quot;:true,&quot;nav&quot;:true,&quot;stagePadding&quot;:0,&quot;slideBy&quot;:&quot;1&quot;},&quot;1381&quot;:{&quot;items&quot;:3,&quot;autoplay&quot;:false,&quot;center&quot;:false,&quot;dots&quot;:false,&quot;nav&quot;:true,&quot;autoHeight&quot;:false,&quot;autoWidth&quot;:false,&quot;loop&quot;:true,&quot;stagePadding&quot;:0}}}}'><\/div><\/div><\/div><\/div><\/div><\/div><\/section><section class=\"l-section wpb_row height_huge color_alternate\"><div class=\"l-section-h i-cf\"><div class=\"g-cols vc_row via_grid cols_2 laptops-cols_inherit tablets-cols_inherit mobiles-cols_1 valign_middle type_default stacking_default\"><div class=\"wpb_column vc_column_container\"><div class=\"vc_column-inner\"><div class=\"w-image align_none\"><div class=\"w-image-h\"><img decoding=\"async\" width=\"1920\" height=\"1280\" src=\"https:\/\/eden-hotel.com\/wp-content\/uploads\/2023\/09\/OND08246.jpg\" class=\"attachment-full size-full\" alt=\"Hotel con terrazza a Levico Terme\" loading=\"lazy\" srcset=\"https:\/\/eden-hotel.com\/wp-content\/uploads\/2023\/09\/OND08246.jpg 1920w, https:\/\/eden-hotel.com\/wp-content\/uploads\/2023\/09\/OND08246-300x200.jpg 300w, https:\/\/eden-hotel.com\/wp-content\/uploads\/2023\/09\/OND08246-1024x683.jpg 1024w\" sizes=\"auto, (max-width: 1920px) 100vw, 1920px\" \/><\/div><\/div><\/div><\/div><div class=\"wpb_column vc_column_container\"><div class=\"vc_column-inner\"><div class=\"wpb_text_column\"><div class=\"wpb_wrapper\"><h2>Unsere Geschichte<\/h2>\n<\/div><\/div><div class=\"wpb_text_column\"><div class=\"wpb_wrapper\"><p>Unser Hotel wurde 1892 eingeweiht und hat sich sofort durch den architektonischen Stil, die Qualit\u00e4t der Ausstattungen und den Komfort unterscheidet, den es schon damals anbot. Trotz der in mehr als einem Jahrhundert gebrachten zahlreichen Renovierungen hat es den Stil und die Atmosph\u00e4re der Zeit behalten. Seit 3 Generationen widmet sich unsere Familie mit Professionalit\u00e4t darin, den Aufenthalt unserer G\u00e4ste angenehm zu machen.<\/p>\n<\/div><\/div><\/div><\/div><\/div><\/div><\/section><section class=\"l-section wpb_row height_auto\"><div class=\"l-section-h i-cf\"><div class=\"g-cols vc_row via_grid cols_1-2 laptops-cols_inherit tablets-cols_inherit mobiles-cols_1 valign_middle type_boxes reversed stacking_default\" style=\"--columns-gap:0rem;\"><div class=\"wpb_column vc_column_container stretched\"><div class=\"vc_column-inner\"><div class=\"wpb_text_column us_custom_eb849559\"><div class=\"wpb_wrapper\"><h3>Panorama-Terrasse<\/h3>\n<\/div><\/div><div class=\"w-image us_custom_9047c4b3 align_none\"><div class=\"w-image-h\"><img decoding=\"async\" width=\"290\" height=\"71\" src=\"https:\/\/eden-hotel.com\/wp-content\/uploads\/2023\/06\/separatore-50aa8bf4.png\" class=\"attachment-large size-large\" alt=\"\" loading=\"lazy\" \/><\/div><\/div><div class=\"w-separator size_medium\"><\/div><div class=\"wpb_text_column us_custom_dc6df6a7\"><div class=\"wpb_wrapper\"><p>Unsere Panoramaterrasse ist der Ort, an dem Tr\u00e4ume wahr werden. Ob Sie Entspannung, Sonne oder ein Training mit Aussicht suchen, wir erf\u00fcllen Ihnen jeden Wunsch.<\/p>\n<\/div><\/div><div class=\"w-btn-wrapper align_center\"><a class=\"w-btn us-btn-style_1\" title=\"Bar\" href=\"https:\/\/eden-hotel.com\/de\/hotel-a-levico-terme\/panorama-terrace\/\"><span class=\"w-btn-label\">Details<\/span><\/a><\/div><\/div><\/div><div class=\"wpb_column vc_column_container us_custom_a3bb7199 has_bg_color stretched\"><div class=\"vc_column-inner\"><\/div><\/div><\/div><\/div><\/section><section class=\"l-section wpb_row height_auto\"><div class=\"l-section-h i-cf\"><div class=\"g-cols vc_row via_grid cols_2-1 laptops-cols_inherit tablets-cols_inherit mobiles-cols_1 valign_middle type_boxes stacking_default\" style=\"--columns-gap:0rem;\"><div class=\"wpb_column vc_column_container us_custom_760c3da7 has_bg_color stretched\"><div class=\"vc_column-inner\"><\/div><\/div><div class=\"wpb_column vc_column_container stretched\"><div class=\"vc_column-inner\"><div class=\"wpb_text_column us_custom_eb849559\"><div class=\"wpb_wrapper\"><h3>Business &amp; Meeting<\/h3>\n<\/div><\/div><div class=\"w-image us_custom_9047c4b3 align_none\"><div class=\"w-image-h\"><img decoding=\"async\" width=\"290\" height=\"71\" src=\"https:\/\/eden-hotel.com\/wp-content\/uploads\/2023\/06\/separatore-50aa8bf4.png\" class=\"attachment-large size-large\" alt=\"\" loading=\"lazy\" \/><\/div><\/div><div class=\"w-separator size_medium\"><\/div><div class=\"wpb_text_column us_custom_dc6df6a7\"><div class=\"wpb_wrapper\"><p>F\u00fcr Ihre Gesch\u00e4ftstreffen, Meetings, Pr\u00e4sentationen, Kurse.<\/p>\n<\/div><\/div><div class=\"w-btn-wrapper align_center\"><a class=\"w-btn us-btn-style_1\" title=\"Meeting\" href=\"http:\/\/eden-hotel.com\/de\/hotel-a-levico-terme\/business-and-meeting\/\"><span class=\"w-btn-label\">Details<\/span><\/a><\/div><\/div><\/div><\/div><\/div><\/section><section class=\"l-section wpb_row height_auto\"><div class=\"l-section-h i-cf\"><div class=\"g-cols vc_row via_grid cols_1-2 laptops-cols_inherit tablets-cols_inherit mobiles-cols_1 valign_middle type_boxes reversed stacking_default\" style=\"--columns-gap:0rem;\"><div class=\"wpb_column vc_column_container stretched\"><div class=\"vc_column-inner\"><div class=\"wpb_text_column us_custom_eb849559\"><div class=\"wpb_wrapper\"><h3>Bar<\/h3>\n<\/div><\/div><div class=\"w-image us_custom_9047c4b3 align_none\"><div class=\"w-image-h\"><img decoding=\"async\" width=\"290\" height=\"71\" src=\"https:\/\/eden-hotel.com\/wp-content\/uploads\/2023\/06\/separatore-50aa8bf4.png\" class=\"attachment-large size-large\" alt=\"\" loading=\"lazy\" \/><\/div><\/div><div class=\"w-separator size_medium\"><\/div><div class=\"wpb_text_column us_custom_dc6df6a7\"><div class=\"wpb_wrapper\"><p>Cocktails, Schn\u00e4pse und Spirituosen f\u00fcr besondere Aperitifs und After Dinner<\/p>\n<\/div><\/div><div class=\"w-btn-wrapper align_center\"><a class=\"w-btn us-btn-style_1\" title=\"Bar\" href=\"http:\/\/eden-hotel.com\/de\/hotel-a-levico-terme\/bar\/\"><span class=\"w-btn-label\">Details<\/span><\/a><\/div><\/div><\/div><div class=\"wpb_column vc_column_container us_custom_d1149c45 has_bg_color stretched\"><div class=\"vc_column-inner\"><\/div><\/div><\/div><\/div><\/section><section class=\"l-section wpb_row height_medium with_img\"><div class=\"l-section-img\" role=\"img\" aria-label=\"Hotel Eden Levico Terme\" data-img-width=\"1901\" data-img-height=\"752\" style=\"background-image: url(https:\/\/eden-hotel.com\/wp-content\/uploads\/2023\/06\/sfondo-giallo-64bfa718.jpeg);\"><\/div><div class=\"l-section-h i-cf\"><div class=\"g-cols vc_row via_grid cols_1 laptops-cols_inherit tablets-cols_inherit mobiles-cols_1 valign_top type_default stacking_default\"><div class=\"wpb_column vc_column_container\"><div class=\"vc_column-inner\"><div class=\"wpb_text_column us_custom_58b1af09\"><div class=\"wpb_wrapper\"><h3 class=\"uk-h3 uk-margin-small\">Unsere Angebote f\u00fcr einen Hotelaufenthalt in Levico Terme<\/h3>\n<\/div><\/div><div class=\"w-image us_custom_9047c4b3 align_center\"><div class=\"w-image-h\"><img decoding=\"async\" width=\"290\" height=\"71\" src=\"https:\/\/eden-hotel.com\/wp-content\/uploads\/2023\/06\/separatore-50aa8bf4.png\" class=\"attachment-large size-large\" alt=\"\" loading=\"lazy\" \/><\/div><\/div><div class=\"w-separator size_medium\"><\/div><div class=\"w-grid us_post_carousel type_carousel layout_106 overflow_hidden preload_style_spinner items_3\" id=\"us_post_list_x2e9\" style=\"--items:3;--gap:1rem;\"><style>.layout_106 .w-grid-item-h{background:var(--color-content-bg);color:var(--color-content-text);border-radius:0.3rem;box-shadow:0 0.03rem 0.06rem rgba(0,0,0,0.1),0 0.1rem 0.3rem rgba(0,0,0,0.1);transition-duration:0.3s}.no-touch .layout_106 .w-grid-item-h:hover{box-shadow:0 0.1rem 0.2rem rgba(0,0,0,0.1),0 0.33rem 1rem rgba(0,0,0,0.15);z-index:4}.layout_106 .usg_post_image_1{margin-bottom:-2rem!important}.layout_106 .usg_post_title_1{font-size:1.4rem!important;font-weight:700!important}.layout_106 .usg_vwrapper_1{margin-top:2rem!important;padding:9% 11% 11% 11%!important}.layout_106 .usg_post_taxonomy_1{font-weight:700!important;text-transform:uppercase!important;font-size:10px!important;position:absolute!important;z-index:2!important;top:1.2rem!important;right:1.2rem!important;left:1.2rem!important}.layout_106 .usg_post_content_1{font-size:16px!important;line-height:1.35!important;font-family:var(--font-family)!important;font-weight:400!important}@media (max-width:600px){.layout_106 .usg_post_title_1{font-size:1.2rem!important}}<\/style><div class=\"w-grid-list owl-carousel valign_stretch dotstyle_circle navstyle_circle arrows-ver-pos_middle arrows-hor-pos_on_sides_outside arrows-disabled_hide owl-responsive-2000 with_dots\" style=\"--transition-duration:350ms;\">\t<article class=\"w-grid-item size_1x1 post-1854 post type-post status-publish format-standard hentry category-angebote\" data-id=\"1854\">\r\n\t\t<div class=\"w-grid-item-h\">\r\n\t\t\t\t\t\t<div class=\"w-post-elm post_taxonomy usg_post_taxonomy_1 style_badge color_link_inherit\"><a class=\"w-btn us-btn-style_badge term-15 term-angebote\" href=\"https:\/\/eden-hotel.com\/de\/category\/angebote\/\"><span class=\"w-btn-label\">Angebote<\/span><\/a><\/div><div class=\"w-vwrapper usg_vwrapper_1\"><h2 class=\"w-post-elm post_title usg_post_title_1 entry-title color_link_inherit\"><a target=\"_blank\" rel=\"nofollow\" href=\"https:\/\/www.secure-reservation.cloud\/booking-engine\/?portal=hoteleden-levicoterme&amp;lang=de\">AUSZEIT VON DER STADT<\/a><\/h2><div class=\"w-post-elm post_content usg_post_content_1\"><p>M\u00f6chtest du dem Alltag entfliehen?<br \/>\nG\u00f6nne dir ein paar Tage Urlaub im Trentino, am Levico-See, in unserem Hotel.<br \/>\nWir haben uns f\u00fcr die Monate April und Mai ein kleines Geschenk ausgedacht.<\/p>\n<ul>\n<li>Bei einem Aufenthalt von 3 N\u00e4chten erhalten Sie einen kostenlosen Eintritt in unser Spa<\/li>\n<li>Bei einem Aufenthalt von 7 N\u00e4chten erhalten Sie zwei Eintritte in unser Spa und einen flauschigen Bademantel mit Saunatuch auf Ihrem Zimmer<\/li>\n<\/ul>\n<p>Pauschale: \u00dcbernachtung mit Fr\u00fchst\u00fcck.<br \/>\n<strong>Fordern Sie das Angebot unter der Tel. 0461.706103 an<\/strong><\/p>\n<\/div><\/div>\t\t<\/div>\r\n\t\t\t<\/article>\r\n\t<article class=\"w-grid-item size_1x1 post-1053 post type-post status-publish format-standard hentry category-angebote\" data-id=\"1053\">\r\n\t\t<div class=\"w-grid-item-h\">\r\n\t\t\t\t\t\t<div class=\"w-post-elm post_taxonomy usg_post_taxonomy_1 style_badge color_link_inherit\"><a class=\"w-btn us-btn-style_badge term-15 term-angebote\" href=\"https:\/\/eden-hotel.com\/de\/category\/angebote\/\"><span class=\"w-btn-label\">Angebote<\/span><\/a><\/div><div class=\"w-vwrapper usg_vwrapper_1\"><h2 class=\"w-post-elm post_title usg_post_title_1 entry-title color_link_inherit\"><a target=\"_blank\" rel=\"nofollow\" href=\"https:\/\/www.secure-reservation.cloud\/booking-engine\/?portal=hoteleden-levicoterme&amp;lang=de\">\u00dcBERNACHTUNG UND FR\u00dcHST\u00dcCK<\/a><\/h2><div class=\"w-post-elm post_content usg_post_content_1\"><p>\u00dcbernachtunf mit Fr\u00fchst\u00fcck &#8211; Concrete help, guaranteed savings: support the hospitality industry by booking on the hotel official website and enjoy the lowest rate on the web and the most favorable payment and cancellation conditions.Free Upgrade upon availability! Rufe uns um die M\u00f6glihkeiten zu kennen!! +39461706103<\/p>\n<\/div><\/div>\t\t<\/div>\r\n\t\t\t<\/article>\r\n\t<article class=\"w-grid-item size_1x1 post-1059 post type-post status-publish format-standard hentry category-angebote\" data-id=\"1059\">\r\n\t\t<div class=\"w-grid-item-h\">\r\n\t\t\t\t\t\t<div class=\"w-post-elm post_taxonomy usg_post_taxonomy_1 style_badge color_link_inherit\"><a class=\"w-btn us-btn-style_badge term-15 term-angebote\" href=\"https:\/\/eden-hotel.com\/de\/category\/angebote\/\"><span class=\"w-btn-label\">Angebote<\/span><\/a><\/div><div class=\"w-vwrapper usg_vwrapper_1\"><h2 class=\"w-post-elm post_title usg_post_title_1 entry-title color_link_inherit\">DREI TAGE WELLNESS &#038; RELAX<\/h2><div class=\"w-post-elm post_content usg_post_content_1\"><p>Drei Tage \u2013 zwei N\u00e4chte Wellnessurlaub, Anreise am Freitag und Abreise am Sonntag, Unterbringung im Deluxe-Zimmer mit Seeblick, \u00dcbernachtung mit Fr\u00fchst\u00fcck.<\/p>\n<ul>\n<li>T\u00e4glicher Zugang zu unserem Spa mit Hallenbad, Erlebnisduschen, Kneipp-Anlage und Sauna<\/li>\n<li>Wellness-Set auf dem Zimmer mit Bademantel, Badetuch, Badeschuhen und Badekappe<\/li>\n<li>Nachmittagstee an unserer Bar inklusive<\/li>\n<li>Trentino Guest Card, um unsere Region ganz nach Belieben zu erkunden<\/li>\n<\/ul>\n<p>PREISE AB 230,00 EURO<br \/>\nDIESES ANGEBOT KANN NUR DURCH EINE ANFRAGE AN:<br \/>\n<a href=\"mailto:info@eden-hotel.com\">info@eden-hotel.com<\/a><\/p>\n<\/div><\/div>\t\t<\/div>\r\n\t\t\t<\/article>\r\n<\/div><div class=\"w-grid-carousel-json hidden\" onclick='return {&quot;carousel_settings&quot;:{&quot;aria_labels&quot;:{&quot;prev&quot;:&quot;Zur\\u00fcck&quot;,&quot;next&quot;:&quot;Weiter&quot;},&quot;autoplayContinual&quot;:false,&quot;autoplayHoverPause&quot;:false,&quot;autoplayTimeout&quot;:3000,&quot;autoWidth&quot;:false,&quot;smartSpeed&quot;:350,&quot;margin&quot;:0,&quot;mouseDrag&quot;:true,&quot;rtl&quot;:false,&quot;slideBy&quot;:&quot;1&quot;,&quot;touchDrag&quot;:true,&quot;slideTransition&quot;:&quot;&quot;,&quot;responsive&quot;:{&quot;0&quot;:{&quot;autoHeight&quot;:false,&quot;autoplay&quot;:true,&quot;autoWidth&quot;:false,&quot;center&quot;:false,&quot;dots&quot;:true,&quot;items&quot;:1,&quot;loop&quot;:true,&quot;nav&quot;:false,&quot;stagePadding&quot;:0,&quot;slideBy&quot;:&quot;1&quot;},&quot;601&quot;:{&quot;autoHeight&quot;:false,&quot;autoplay&quot;:true,&quot;autoWidth&quot;:false,&quot;center&quot;:false,&quot;dots&quot;:true,&quot;items&quot;:2,&quot;loop&quot;:true,&quot;nav&quot;:false,&quot;stagePadding&quot;:0,&quot;slideBy&quot;:&quot;1&quot;},&quot;1025&quot;:{&quot;autoHeight&quot;:false,&quot;autoplay&quot;:true,&quot;autoWidth&quot;:false,&quot;center&quot;:false,&quot;dots&quot;:true,&quot;items&quot;:3,&quot;loop&quot;:false,&quot;nav&quot;:false,&quot;stagePadding&quot;:0,&quot;slideBy&quot;:&quot;1&quot;},&quot;1381&quot;:{&quot;items&quot;:3,&quot;autoplay&quot;:false,&quot;center&quot;:false,&quot;dots&quot;:true,&quot;nav&quot;:false,&quot;autoHeight&quot;:false,&quot;autoWidth&quot;:false,&quot;loop&quot;:false,&quot;stagePadding&quot;:0}}}}'><\/div><\/div><\/div><\/div><\/div><\/div><\/section>\n","protected":false},"excerpt":{"rendered":"Drei Tage \u2013 zwei N\u00e4chte Wellnessurlaub, Anreise am Freitag und Abreise am Sonntag, Unterbringung im Deluxe-Zimmer mit Seeblick, \u00dcbernachtung mit Fr\u00fchst\u00fcck. T\u00e4glicher Zugang zu unserem Spa mit Hallenbad, Erlebnisduschen, Kneipp-Anlage und Sauna Wellness-Set auf dem Zimmer mit Bademantel, Badetuch, Badeschuhen und Badekappe Nachmittagstee an unserer Bar inklusive Trentino Guest Card, um unsere Region ganz nach...","protected":false},"author":1,"featured_media":1284,"parent":0,"menu_order":0,"comment_status":"closed","ping_status":"closed","template":"","meta":{"_acf_changed":false,"inline_featured_image":false,"footnotes":""},"class_list":["post-999","page","type-page","status-publish","has-post-thumbnail","hentry"],"acf":[],"yoast_head":"<!-- This site is optimized with the Yoast SEO plugin v27.5 - https:\/\/yoast.com\/product\/yoast-seo-wordpress\/ -->\n<title>Hotel Eden*** | Hotel Levico Terme am Levico-See<\/title>\n<meta name=\"description\" content=\"Der Charme eines Hotels aus dem Jahr 1892 liegt neben den Thermen von Levico und 800 m vom Levico-See entfernt.\" \/>\n<meta name=\"robots\" content=\"index, follow, max-snippet:-1, max-image-preview:large, max-video-preview:-1\" \/>\n<link rel=\"canonical\" href=\"https:\/\/eden-hotel.com\/de\/hotel-a-levico-terme\/\" \/>\n<meta property=\"og:locale\" content=\"de_DE\" \/>\n<meta property=\"og:type\" content=\"article\" \/>\n<meta property=\"og:title\" content=\"Hotel Eden*** | Hotel Levico Terme am Levico-See\" \/>\n<meta property=\"og:description\" content=\"Der Charme eines Hotels aus dem Jahr 1892 liegt neben den Thermen von Levico und 800 m vom Levico-See entfernt.\" \/>\n<meta property=\"og:url\" content=\"https:\/\/eden-hotel.com\/de\/hotel-a-levico-terme\/\" \/>\n<meta property=\"og:site_name\" content=\"Hotel Eden Levico Terme\" \/>\n<meta property=\"article:publisher\" content=\"https:\/\/www.facebook.com\/HotelEdenLevicoTerme\" \/>\n<meta property=\"article:modified_time\" content=\"2026-04-29T09:55:34+00:00\" \/>\n<meta property=\"og:image\" content=\"https:\/\/eden-hotel.com\/wp-content\/uploads\/2023\/07\/276030013_122285700378964_7775490155689124285_n.jpg\" \/>\n\t<meta property=\"og:image:width\" content=\"2000\" \/>\n\t<meta property=\"og:image:height\" content=\"1333\" \/>\n\t<meta property=\"og:image:type\" content=\"image\/jpeg\" \/>\n<meta name=\"twitter:card\" content=\"summary_large_image\" \/>\n<meta name=\"twitter:label1\" content=\"Gesch\u00e4tzte Lesezeit\" \/>\n\t<meta name=\"twitter:data1\" content=\"3\u00a0Minuten\" \/>\n<script type=\"application\/ld+json\" class=\"yoast-schema-graph\">{\"@context\":\"https:\\\/\\\/schema.org\",\"@graph\":[{\"@type\":\"WebPage\",\"@id\":\"https:\\\/\\\/eden-hotel.com\\\/de\\\/hotel-a-levico-terme\\\/\",\"url\":\"https:\\\/\\\/eden-hotel.com\\\/de\\\/hotel-a-levico-terme\\\/\",\"name\":\"Hotel Eden*** | Hotel Levico Terme am Levico-See\",\"isPartOf\":{\"@id\":\"https:\\\/\\\/eden-hotel.com\\\/#website\"},\"primaryImageOfPage\":{\"@id\":\"https:\\\/\\\/eden-hotel.com\\\/de\\\/hotel-a-levico-terme\\\/#primaryimage\"},\"image\":{\"@id\":\"https:\\\/\\\/eden-hotel.com\\\/de\\\/hotel-a-levico-terme\\\/#primaryimage\"},\"thumbnailUrl\":\"https:\\\/\\\/eden-hotel.com\\\/wp-content\\\/uploads\\\/2023\\\/07\\\/276030013_122285700378964_7775490155689124285_n.jpg\",\"datePublished\":\"2023-06-22T07:41:03+00:00\",\"dateModified\":\"2026-04-29T09:55:34+00:00\",\"description\":\"Der Charme eines Hotels aus dem Jahr 1892 liegt neben den Thermen von Levico und 800 m vom Levico-See entfernt.\",\"breadcrumb\":{\"@id\":\"https:\\\/\\\/eden-hotel.com\\\/de\\\/hotel-a-levico-terme\\\/#breadcrumb\"},\"inLanguage\":\"de\",\"potentialAction\":[{\"@type\":\"ReadAction\",\"target\":[\"https:\\\/\\\/eden-hotel.com\\\/de\\\/hotel-a-levico-terme\\\/\"]}]},{\"@type\":\"ImageObject\",\"inLanguage\":\"de\",\"@id\":\"https:\\\/\\\/eden-hotel.com\\\/de\\\/hotel-a-levico-terme\\\/#primaryimage\",\"url\":\"https:\\\/\\\/eden-hotel.com\\\/wp-content\\\/uploads\\\/2023\\\/07\\\/276030013_122285700378964_7775490155689124285_n.jpg\",\"contentUrl\":\"https:\\\/\\\/eden-hotel.com\\\/wp-content\\\/uploads\\\/2023\\\/07\\\/276030013_122285700378964_7775490155689124285_n.jpg\",\"width\":2000,\"height\":1333,\"caption\":\"Hotel Eden Levico Terme\"},{\"@type\":\"BreadcrumbList\",\"@id\":\"https:\\\/\\\/eden-hotel.com\\\/de\\\/hotel-a-levico-terme\\\/#breadcrumb\",\"itemListElement\":[{\"@type\":\"ListItem\",\"position\":1,\"name\":\"Home\",\"item\":\"https:\\\/\\\/eden-hotel.com\\\/de\\\/\"},{\"@type\":\"ListItem\",\"position\":2,\"name\":\"Hotel a Levico Terme\"}]},{\"@type\":\"WebSite\",\"@id\":\"https:\\\/\\\/eden-hotel.com\\\/#website\",\"url\":\"https:\\\/\\\/eden-hotel.com\\\/\",\"name\":\"Hotel Eden Levico Terme\",\"description\":\"Hotel Eden Levico Terme\",\"publisher\":{\"@id\":\"https:\\\/\\\/eden-hotel.com\\\/#organization\"},\"potentialAction\":[{\"@type\":\"SearchAction\",\"target\":{\"@type\":\"EntryPoint\",\"urlTemplate\":\"https:\\\/\\\/eden-hotel.com\\\/?s={search_term_string}\"},\"query-input\":{\"@type\":\"PropertyValueSpecification\",\"valueRequired\":true,\"valueName\":\"search_term_string\"}}],\"inLanguage\":\"de\"},{\"@type\":\"Organization\",\"@id\":\"https:\\\/\\\/eden-hotel.com\\\/#organization\",\"name\":\"Hotel Eden Levico Terme\",\"url\":\"https:\\\/\\\/eden-hotel.com\\\/\",\"logo\":{\"@type\":\"ImageObject\",\"inLanguage\":\"de\",\"@id\":\"https:\\\/\\\/eden-hotel.com\\\/#\\\/schema\\\/logo\\\/image\\\/\",\"url\":\"http:\\\/\\\/eden-hotel.com\\\/wp-content\\\/uploads\\\/2023\\\/06\\\/logo-d34bb626.png\",\"contentUrl\":\"http:\\\/\\\/eden-hotel.com\\\/wp-content\\\/uploads\\\/2023\\\/06\\\/logo-d34bb626.png\",\"width\":182,\"height\":83,\"caption\":\"Hotel Eden Levico Terme\"},\"image\":{\"@id\":\"https:\\\/\\\/eden-hotel.com\\\/#\\\/schema\\\/logo\\\/image\\\/\"},\"sameAs\":[\"https:\\\/\\\/www.facebook.com\\\/HotelEdenLevicoTerme\"]}]}<\/script>\n<!-- \/ Yoast SEO plugin. -->","yoast_head_json":{"title":"Hotel Eden*** | Hotel Levico Terme am Levico-See","description":"Der Charme eines Hotels aus dem Jahr 1892 liegt neben den Thermen von Levico und 800 m vom Levico-See entfernt.","robots":{"index":"index","follow":"follow","max-snippet":"max-snippet:-1","max-image-preview":"max-image-preview:large","max-video-preview":"max-video-preview:-1"},"canonical":"https:\/\/eden-hotel.com\/de\/hotel-a-levico-terme\/","og_locale":"de_DE","og_type":"article","og_title":"Hotel Eden*** | Hotel Levico Terme am Levico-See","og_description":"Der Charme eines Hotels aus dem Jahr 1892 liegt neben den Thermen von Levico und 800 m vom Levico-See entfernt.","og_url":"https:\/\/eden-hotel.com\/de\/hotel-a-levico-terme\/","og_site_name":"Hotel Eden Levico Terme","article_publisher":"https:\/\/www.facebook.com\/HotelEdenLevicoTerme","article_modified_time":"2026-04-29T09:55:34+00:00","og_image":[{"width":2000,"height":1333,"url":"https:\/\/eden-hotel.com\/wp-content\/uploads\/2023\/07\/276030013_122285700378964_7775490155689124285_n.jpg","type":"image\/jpeg"}],"twitter_card":"summary_large_image","twitter_misc":{"Gesch\u00e4tzte Lesezeit":"3\u00a0Minuten"},"schema":{"@context":"https:\/\/schema.org","@graph":[{"@type":"WebPage","@id":"https:\/\/eden-hotel.com\/de\/hotel-a-levico-terme\/","url":"https:\/\/eden-hotel.com\/de\/hotel-a-levico-terme\/","name":"Hotel Eden*** | Hotel Levico Terme am Levico-See","isPartOf":{"@id":"https:\/\/eden-hotel.com\/#website"},"primaryImageOfPage":{"@id":"https:\/\/eden-hotel.com\/de\/hotel-a-levico-terme\/#primaryimage"},"image":{"@id":"https:\/\/eden-hotel.com\/de\/hotel-a-levico-terme\/#primaryimage"},"thumbnailUrl":"https:\/\/eden-hotel.com\/wp-content\/uploads\/2023\/07\/276030013_122285700378964_7775490155689124285_n.jpg","datePublished":"2023-06-22T07:41:03+00:00","dateModified":"2026-04-29T09:55:34+00:00","description":"Der Charme eines Hotels aus dem Jahr 1892 liegt neben den Thermen von Levico und 800 m vom Levico-See entfernt.","breadcrumb":{"@id":"https:\/\/eden-hotel.com\/de\/hotel-a-levico-terme\/#breadcrumb"},"inLanguage":"de","potentialAction":[{"@type":"ReadAction","target":["https:\/\/eden-hotel.com\/de\/hotel-a-levico-terme\/"]}]},{"@type":"ImageObject","inLanguage":"de","@id":"https:\/\/eden-hotel.com\/de\/hotel-a-levico-terme\/#primaryimage","url":"https:\/\/eden-hotel.com\/wp-content\/uploads\/2023\/07\/276030013_122285700378964_7775490155689124285_n.jpg","contentUrl":"https:\/\/eden-hotel.com\/wp-content\/uploads\/2023\/07\/276030013_122285700378964_7775490155689124285_n.jpg","width":2000,"height":1333,"caption":"Hotel Eden Levico Terme"},{"@type":"BreadcrumbList","@id":"https:\/\/eden-hotel.com\/de\/hotel-a-levico-terme\/#breadcrumb","itemListElement":[{"@type":"ListItem","position":1,"name":"Home","item":"https:\/\/eden-hotel.com\/de\/"},{"@type":"ListItem","position":2,"name":"Hotel a Levico Terme"}]},{"@type":"WebSite","@id":"https:\/\/eden-hotel.com\/#website","url":"https:\/\/eden-hotel.com\/","name":"Hotel Eden Levico Terme","description":"Hotel Eden Levico Terme","publisher":{"@id":"https:\/\/eden-hotel.com\/#organization"},"potentialAction":[{"@type":"SearchAction","target":{"@type":"EntryPoint","urlTemplate":"https:\/\/eden-hotel.com\/?s={search_term_string}"},"query-input":{"@type":"PropertyValueSpecification","valueRequired":true,"valueName":"search_term_string"}}],"inLanguage":"de"},{"@type":"Organization","@id":"https:\/\/eden-hotel.com\/#organization","name":"Hotel Eden Levico Terme","url":"https:\/\/eden-hotel.com\/","logo":{"@type":"ImageObject","inLanguage":"de","@id":"https:\/\/eden-hotel.com\/#\/schema\/logo\/image\/","url":"http:\/\/eden-hotel.com\/wp-content\/uploads\/2023\/06\/logo-d34bb626.png","contentUrl":"http:\/\/eden-hotel.com\/wp-content\/uploads\/2023\/06\/logo-d34bb626.png","width":182,"height":83,"caption":"Hotel Eden Levico Terme"},"image":{"@id":"https:\/\/eden-hotel.com\/#\/schema\/logo\/image\/"},"sameAs":["https:\/\/www.facebook.com\/HotelEdenLevicoTerme"]}]}},"publishpress_future_action":{"enabled":false,"date":"2026-05-06 12:47:14","action":"change-status","newStatus":"draft","terms":[],"taxonomy":"translation_priority","extraData":[]},"publishpress_future_workflow_manual_trigger":{"enabledWorkflows":[]},"_links":{"self":[{"href":"https:\/\/eden-hotel.com\/de\/wp-json\/wp\/v2\/pages\/999","targetHints":{"allow":["GET"]}}],"collection":[{"href":"https:\/\/eden-hotel.com\/de\/wp-json\/wp\/v2\/pages"}],"about":[{"href":"https:\/\/eden-hotel.com\/de\/wp-json\/wp\/v2\/types\/page"}],"author":[{"embeddable":true,"href":"https:\/\/eden-hotel.com\/de\/wp-json\/wp\/v2\/users\/1"}],"replies":[{"embeddable":true,"href":"https:\/\/eden-hotel.com\/de\/wp-json\/wp\/v2\/comments?post=999"}],"version-history":[{"count":9,"href":"https:\/\/eden-hotel.com\/de\/wp-json\/wp\/v2\/pages\/999\/revisions"}],"predecessor-version":[{"id":1980,"href":"https:\/\/eden-hotel.com\/de\/wp-json\/wp\/v2\/pages\/999\/revisions\/1980"}],"wp:featuredmedia":[{"embeddable":true,"href":"https:\/\/eden-hotel.com\/de\/wp-json\/wp\/v2\/media\/1284"}],"wp:attachment":[{"href":"https:\/\/eden-hotel.com\/de\/wp-json\/wp\/v2\/media?parent=999"}],"curies":[{"name":"wp","href":"https:\/\/api.w.org\/{rel}","templated":true}]}}