{"id":1550,"date":"2023-09-15T11:26:07","date_gmt":"2023-09-15T09:26:07","guid":{"rendered":"https:\/\/eden-hotel.com\/hotel-a-levico-terme\/panorama-terrace\/"},"modified":"2023-09-15T13:59:06","modified_gmt":"2023-09-15T11:59:06","slug":"panorama-terrasse","status":"publish","type":"page","link":"https:\/\/eden-hotel.com\/de\/hotel-a-levico-terme\/panorama-terrasse\/","title":{"rendered":"Panorama-Terrasse"},"content":{"rendered":"<section class=\"l-section wpb_row us_custom_a1aad18a hide_on_tablets hide_on_mobiles height_medium full_height valign_center\"><div class=\"l-section-h i-cf\"><div class=\"g-cols vc_row via_grid cols_1 laptops-cols_inherit tablets-cols_inherit mobiles-cols_1 valign_top type_default stacking_default\"><div class=\"wpb_column vc_column_container\"><div class=\"vc_column-inner\"><div class=\"w-vwrapper us_custom_59aee68e align_none valign_top\"><div class=\"wpb_text_column us_custom_88f885ac has_text_color\"><div class=\"wpb_wrapper\"><p>ENTSPANNENDER AUFENTHALT<\/p>\n<\/div><\/div><div class=\"wpb_text_column us_custom_dccdc381\"><div class=\"wpb_wrapper\"><h1>TERRASSE<\/h1>\n<\/div><\/div><div class=\"w-image us_custom_24e0693b align_none\"><div class=\"w-image-h\"><img decoding=\"async\" width=\"290\" height=\"71\" src=\"https:\/\/eden-hotel.com\/wp-content\/uploads\/2023\/06\/separatore-50aa8bf4.png\" class=\"attachment-large size-large\" alt=\"\" loading=\"lazy\" \/><\/div><\/div><div class=\"wpb_text_column us_custom_42a7189b has_text_color\"><div class=\"wpb_wrapper\"><p>Egal, ob Sie Entspannung, Sonne oder eine Trainingseinheit mit Aussicht suchen.<\/p>\n<\/div><\/div><\/div><\/div><\/div><\/div><\/div><\/section><section class=\"l-section wpb_row us_custom_a1aad18a hide_on_default hide_on_laptops height_medium full_height valign_center color_primary\"><div class=\"l-section-overlay\" style=\"background:rgba(0,0,0,0.30)\"><\/div><div class=\"l-section-h i-cf\"><div class=\"g-cols vc_row via_grid cols_1 laptops-cols_inherit tablets-cols_inherit mobiles-cols_1 valign_top type_default stacking_default\"><div class=\"wpb_column vc_column_container\"><div class=\"vc_column-inner\"><div class=\"w-vwrapper us_custom_59aee68e align_none valign_top\"><div class=\"wpb_text_column us_custom_eb633521 has_text_color\"><div class=\"wpb_wrapper\"><p>ENTSPANNENDER AUFENTHALT<\/p>\n<\/div><\/div><div class=\"wpb_text_column us_custom_9e593153 has_text_color\"><div class=\"wpb_wrapper\"><p>TERRASSE<\/p>\n<\/div><\/div><div class=\"w-image us_custom_9047c4b3 align_none\"><div class=\"w-image-h\"><img decoding=\"async\" width=\"290\" height=\"71\" src=\"https:\/\/eden-hotel.com\/wp-content\/uploads\/2023\/06\/separatore-50aa8bf4.png\" class=\"attachment-large size-large\" alt=\"\" loading=\"lazy\" \/><\/div><\/div><div class=\"wpb_text_column us_custom_30f3539d\"><div class=\"wpb_wrapper\"><p>Egal, ob Sie Entspannung, Sonne oder eine Trainingseinheit mit Aussicht suchen.<\/p>\n<\/div><\/div><\/div><\/div><\/div><\/div><\/div><\/section><section class=\"l-section wpb_row height_huge\"><div class=\"l-section-h i-cf\"><div class=\"g-cols vc_row via_grid cols_1-2 laptops-cols_inherit tablets-cols_inherit mobiles-cols_1 valign_top type_default stacking_default\"><div class=\"wpb_column vc_column_container\"><div class=\"vc_column-inner\"><div class=\"wpb_text_column\"><div class=\"wpb_wrapper\"><h2>Hotels mit einer <strong>Dachterrasse<\/strong> in Levico Terme<\/h2>\n<\/div><\/div><div class=\"wpb_text_column\"><div class=\"wpb_wrapper\"><h4>Ein Urlaub voller Verw\u00f6hnung und Entspannung<\/h4>\n<\/div><\/div><\/div><\/div><div class=\"wpb_column vc_column_container\"><div class=\"vc_column-inner\"><div class=\"wpb_text_column\"><div class=\"wpb_wrapper\"><p>Willkommen in unserem versteckten Juwel in Levico Terme, einem Ort, an dem sich die Kunst der Gastfreundschaft mit der atemberaubenden Sch\u00f6nheit der Natur des Trentino verbindet. Unsere Panoramaterrasse ist die Perle dieses Erlebnisses, eine Oase des Luxus und des Komforts, eingebettet in die Sch\u00f6nheit der Dolomiten.<\/p>\n<p><strong>Liegewiese mit Aussicht:<\/strong> Entspannen Sie sich auf bequemen Liegen und genie\u00dfen Sie die W\u00e4rme der Sonne, w\u00e4hrend Sie die umliegende Landschaft bewundern. Der atemberaubende Blick auf die Berge und den Lago di Levico wird Ihren Tag unvergesslich machen.<\/p>\n<\/div><\/div><\/div><\/div><\/div><\/div><\/section><section class=\"l-section wpb_row height_auto\"><div class=\"l-section-h i-cf\"><div class=\"g-cols vc_row via_grid cols_1-2 laptops-cols_inherit tablets-cols_inherit mobiles-cols_1 valign_middle type_boxes reversed stacking_default\" style=\"--columns-gap:0rem;\"><div class=\"wpb_column vc_column_container stretched\"><div class=\"vc_column-inner\"><div class=\"wpb_text_column us_custom_eb849559\"><div class=\"wpb_wrapper\"><h3>Entspannungs-Lounge<\/h3>\n<\/div><\/div><div class=\"w-image us_custom_9047c4b3 align_none\"><div class=\"w-image-h\"><img decoding=\"async\" width=\"290\" height=\"71\" src=\"https:\/\/eden-hotel.com\/wp-content\/uploads\/2023\/06\/separatore-50aa8bf4.png\" class=\"attachment-large size-large\" alt=\"\" loading=\"lazy\" \/><\/div><\/div><div class=\"w-separator size_medium\"><\/div><div class=\"wpb_text_column us_custom_2e4af041\"><div class=\"wpb_wrapper\"><p>Unsere Panorama-Lounge empf\u00e4ngt Sie mit einer Atmosph\u00e4re von Eleganz und Entspannung. Setzen Sie sich bequem hin und lassen Sie die Welt hinter sich, w\u00e4hrend Sie die spektakul\u00e4re Aussicht auf die umliegenden Berge genie\u00dfen. Schl\u00fcrfen Sie einen guten Wein und lassen Sie sich von der Alpenbrise verw\u00f6hnen.<\/p>\n<\/div><\/div><\/div><\/div><div class=\"wpb_column vc_column_container stretched\"><div class=\"vc_column-inner\"><div class=\"w-slider style_none fit_contain nav_none count_2\"><div class=\"w-slider-h\" aria-hidden=\"true\"><div class=\"royalSlider\"><div class=\"rsContent\"><a class=\"rsImg\" data-rsw=\"1920\" data-rsh=\"1280\" href=\"https:\/\/eden-hotel.com\/wp-content\/uploads\/2023\/09\/OND08246.jpg\"><span data-alt=\"Hotel con terrazza a Levico Terme\"><\/span><\/a><\/div><div class=\"rsContent\"><a class=\"rsImg\" data-rsw=\"1920\" data-rsh=\"1281\" href=\"https:\/\/eden-hotel.com\/wp-content\/uploads\/2023\/09\/OND08224.jpg\"><span data-alt=\"Hotel con terrazza a Levico Terme\"><\/span><\/a><\/div><\/div><img decoding=\"async\" src=\"https:\/\/eden-hotel.com\/wp-content\/uploads\/2023\/09\/OND08246.jpg\" width=\"1920\" height=\"1280\" alt=\"Hotel con terrazza a Levico Terme\" loading=\"lazy\"><\/div><div class=\"w-slider-json\" onclick='return {&quot;autoScaleSlider&quot;:true,&quot;addActiveClass&quot;:true,&quot;loop&quot;:true,&quot;fadeInLoadedSlide&quot;:false,&quot;slidesSpacing&quot;:0,&quot;imageScalePadding&quot;:0,&quot;numImagesToPreload&quot;:2,&quot;arrowsNav&quot;:true,&quot;arrowsNavAutoHide&quot;:false,&quot;transitionType&quot;:&quot;fade&quot;,&quot;transitionSpeed&quot;:250,&quot;block&quot;:{&quot;moveEffect&quot;:&quot;none&quot;,&quot;speed&quot;:300},&quot;thumbs&quot;:{&quot;fitInViewport&quot;:false,&quot;firstMargin&quot;:false,&quot;spacing&quot;:4},&quot;controlNavigation&quot;:&quot;none&quot;,&quot;autoScaleSliderWidth&quot;:1920,&quot;autoScaleSliderHeight&quot;:1280}'><\/div><\/div><\/div><\/div><\/div><\/div><\/section><section class=\"l-section wpb_row height_auto\"><div class=\"l-section-h i-cf\"><div class=\"g-cols vc_row via_grid cols_2-1 laptops-cols_inherit tablets-cols_inherit mobiles-cols_1 valign_middle type_boxes stacking_default\" style=\"--columns-gap:0rem;\"><div class=\"wpb_column vc_column_container stretched\"><div class=\"vc_column-inner\"><div class=\"w-slider style_none fit_contain nav_none count_3\"><div class=\"w-slider-h\" aria-hidden=\"true\"><div class=\"royalSlider\"><div class=\"rsContent\"><a class=\"rsImg\" data-rsw=\"1920\" data-rsh=\"1281\" href=\"https:\/\/eden-hotel.com\/wp-content\/uploads\/2023\/09\/OND08271.jpg\"><span data-alt=\"Hotel con terrazza a Levico Terme\"><\/span><\/a><\/div><div class=\"rsContent\"><a class=\"rsImg\" data-rsw=\"1920\" data-rsh=\"1281\" href=\"https:\/\/eden-hotel.com\/wp-content\/uploads\/2023\/09\/OND08277.jpg\"><span data-alt=\"Hotel con terrazza a Levico Terme\"><\/span><\/a><\/div><div class=\"rsContent\"><a class=\"rsImg\" data-rsw=\"1920\" data-rsh=\"1281\" href=\"https:\/\/eden-hotel.com\/wp-content\/uploads\/2023\/09\/OND08261.jpg\"><span data-alt=\"Hotel con terrazza a Levico Terme\"><\/span><\/a><\/div><\/div><img decoding=\"async\" src=\"https:\/\/eden-hotel.com\/wp-content\/uploads\/2023\/09\/OND08271.jpg\" width=\"1920\" height=\"1281\" alt=\"Hotel con terrazza a Levico Terme\" loading=\"lazy\"><\/div><div class=\"w-slider-json\" onclick='return {&quot;autoScaleSlider&quot;:true,&quot;addActiveClass&quot;:true,&quot;loop&quot;:true,&quot;fadeInLoadedSlide&quot;:false,&quot;slidesSpacing&quot;:0,&quot;imageScalePadding&quot;:0,&quot;numImagesToPreload&quot;:2,&quot;arrowsNav&quot;:true,&quot;arrowsNavAutoHide&quot;:false,&quot;transitionType&quot;:&quot;fade&quot;,&quot;transitionSpeed&quot;:250,&quot;block&quot;:{&quot;moveEffect&quot;:&quot;none&quot;,&quot;speed&quot;:300},&quot;thumbs&quot;:{&quot;fitInViewport&quot;:false,&quot;firstMargin&quot;:false,&quot;spacing&quot;:4},&quot;controlNavigation&quot;:&quot;none&quot;,&quot;autoScaleSliderWidth&quot;:1920,&quot;autoScaleSliderHeight&quot;:1281}'><\/div><\/div><\/div><\/div><div class=\"wpb_column vc_column_container stretched\"><div class=\"vc_column-inner\"><div class=\"wpb_text_column us_custom_eb849559\"><div class=\"wpb_wrapper\"><h3>Eleganter Lesesaal<\/h3>\n<\/div><\/div><div class=\"w-image us_custom_9047c4b3 align_none\"><div class=\"w-image-h\"><img decoding=\"async\" width=\"290\" height=\"71\" src=\"https:\/\/eden-hotel.com\/wp-content\/uploads\/2023\/06\/separatore-50aa8bf4.png\" class=\"attachment-large size-large\" alt=\"\" loading=\"lazy\" \/><\/div><\/div><div class=\"w-separator size_medium\"><\/div><div class=\"wpb_text_column us_custom_2e4af041\"><div class=\"wpb_wrapper\"><p>F\u00fcr alle, die gerne lesen, gibt es einen eleganten Lesesaal, in dem Sie sich in ein gutes Buch oder eine Zeitschrift vertiefen k\u00f6nnen, w\u00e4hrend Sie die Ruhe und den Blick auf die sanften H\u00fcgel des Trentino genie\u00dfen.<\/p>\n<\/div><\/div><\/div><\/div><\/div><\/div><\/section><section class=\"l-section wpb_row height_auto\"><div class=\"l-section-h i-cf\"><div class=\"g-cols vc_row via_grid cols_1-2 laptops-cols_inherit tablets-cols_inherit mobiles-cols_1 valign_middle type_boxes reversed stacking_default\" style=\"--columns-gap:0rem;\"><div class=\"wpb_column vc_column_container stretched\"><div class=\"vc_column-inner\"><div class=\"wpb_text_column us_custom_eb849559\"><div class=\"wpb_wrapper\"><h3>Gymnasium mit Aussicht<\/h3>\n<\/div><\/div><div class=\"w-image us_custom_9047c4b3 align_none\"><div class=\"w-image-h\"><img decoding=\"async\" width=\"290\" height=\"71\" src=\"https:\/\/eden-hotel.com\/wp-content\/uploads\/2023\/06\/separatore-50aa8bf4.png\" class=\"attachment-large size-large\" alt=\"\" loading=\"lazy\" \/><\/div><\/div><div class=\"w-separator size_medium\"><\/div><div class=\"wpb_text_column us_custom_2e4af041\"><div class=\"wpb_wrapper\"><p>F\u00fcr alle, die auch im Urlaub aktiv bleiben m\u00f6chten, ist unser kleiner Fitnessraum mit Aussicht der ideale Ort. Es ist ein einzigartiges Erlebnis, hier zu trainieren, w\u00e4hrend Sie die bezaubernde Aussicht auf den See bewundern k\u00f6nnen.<\/p>\n<\/div><\/div><\/div><\/div><div class=\"wpb_column vc_column_container stretched\"><div class=\"vc_column-inner\"><div class=\"w-slider style_none fit_contain nav_none count_1\"><div class=\"w-slider-h\" aria-hidden=\"true\"><div class=\"royalSlider\"><div class=\"rsContent\"><a class=\"rsImg\" data-rsw=\"1920\" data-rsh=\"1281\" href=\"https:\/\/eden-hotel.com\/wp-content\/uploads\/2023\/09\/OND08297.jpg\"><span data-alt=\"Hotel con terrazza a Levico Terme\"><\/span><\/a><\/div><\/div><img decoding=\"async\" src=\"https:\/\/eden-hotel.com\/wp-content\/uploads\/2023\/09\/OND08297.jpg\" width=\"1920\" height=\"1281\" alt=\"Hotel con terrazza a Levico Terme\" loading=\"lazy\"><\/div><div class=\"w-slider-json\" onclick='return {&quot;autoScaleSlider&quot;:true,&quot;addActiveClass&quot;:true,&quot;loop&quot;:true,&quot;fadeInLoadedSlide&quot;:false,&quot;slidesSpacing&quot;:0,&quot;imageScalePadding&quot;:0,&quot;numImagesToPreload&quot;:2,&quot;arrowsNav&quot;:true,&quot;arrowsNavAutoHide&quot;:false,&quot;transitionType&quot;:&quot;fade&quot;,&quot;transitionSpeed&quot;:250,&quot;block&quot;:{&quot;moveEffect&quot;:&quot;none&quot;,&quot;speed&quot;:300},&quot;thumbs&quot;:{&quot;fitInViewport&quot;:false,&quot;firstMargin&quot;:false,&quot;spacing&quot;:4},&quot;controlNavigation&quot;:&quot;none&quot;,&quot;autoScaleSliderWidth&quot;:1920,&quot;autoScaleSliderHeight&quot;:1281}'><\/div><\/div><\/div><\/div><\/div><\/div><\/section>\n","protected":false},"excerpt":{"rendered":"ENTSPANNENDER AUFENTHALT TERRASSE Egal, ob Sie Entspannung, Sonne oder eine Trainingseinheit mit Aussicht suchen. ENTSPANNENDER AUFENTHALT TERRASSE Egal, ob Sie Entspannung, Sonne oder eine Trainingseinheit mit Aussicht suchen. Hotels mit einer Dachterrasse in Levico Terme Ein Urlaub voller Verw\u00f6hnung und Entspannung Willkommen in unserem versteckten Juwel in Levico Terme, einem Ort, an dem sich die...","protected":false},"author":1,"featured_media":1475,"parent":999,"menu_order":0,"comment_status":"closed","ping_status":"closed","template":"","meta":{"_acf_changed":false,"inline_featured_image":false,"footnotes":""},"class_list":["post-1550","page","type-page","status-publish","has-post-thumbnail","hentry"],"acf":[],"yoast_head":"<!-- This site is optimized with the Yoast SEO plugin v27.5 - https:\/\/yoast.com\/product\/yoast-seo-wordpress\/ -->\n<title>Panorama-Terrasse - Hotel Eden Levico Terme<\/title>\n<meta name=\"description\" content=\"Im Hotel Eden ist die Panoramaterrasse mit Blick auf den Levico-See eine Oase des Luxus und des Komforts zwischen Entspannung und Fitness\" \/>\n<meta name=\"robots\" content=\"index, follow, max-snippet:-1, max-image-preview:large, max-video-preview:-1\" \/>\n<link rel=\"canonical\" href=\"https:\/\/eden-hotel.com\/de\/hotel-a-levico-terme\/panorama-terrasse\/\" \/>\n<meta property=\"og:locale\" content=\"de_DE\" \/>\n<meta property=\"og:type\" content=\"article\" \/>\n<meta property=\"og:title\" content=\"Panorama-Terrasse - Hotel Eden Levico Terme\" \/>\n<meta property=\"og:description\" content=\"Im Hotel Eden ist die Panoramaterrasse mit Blick auf den Levico-See eine Oase des Luxus und des Komforts zwischen Entspannung und Fitness\" \/>\n<meta property=\"og:url\" content=\"https:\/\/eden-hotel.com\/de\/hotel-a-levico-terme\/panorama-terrasse\/\" \/>\n<meta property=\"og:site_name\" content=\"Hotel Eden Levico Terme\" \/>\n<meta property=\"article:publisher\" content=\"https:\/\/www.facebook.com\/HotelEdenLevicoTerme\" \/>\n<meta property=\"article:modified_time\" content=\"2023-09-15T11:59:06+00:00\" \/>\n<meta property=\"og:image\" content=\"https:\/\/eden-hotel.com\/wp-content\/uploads\/2023\/09\/OND08246.jpg\" \/>\n\t<meta property=\"og:image:width\" content=\"1920\" \/>\n\t<meta property=\"og:image:height\" content=\"1280\" \/>\n\t<meta property=\"og:image:type\" content=\"image\/jpeg\" \/>\n<meta name=\"twitter:card\" content=\"summary_large_image\" \/>\n<meta name=\"twitter:label1\" content=\"Gesch\u00e4tzte Lesezeit\" \/>\n\t<meta name=\"twitter:data1\" content=\"2\u00a0Minuten\" \/>\n<script type=\"application\/ld+json\" class=\"yoast-schema-graph\">{\"@context\":\"https:\\\/\\\/schema.org\",\"@graph\":[{\"@type\":\"WebPage\",\"@id\":\"https:\\\/\\\/eden-hotel.com\\\/de\\\/hotel-a-levico-terme\\\/panorama-terrasse\\\/\",\"url\":\"https:\\\/\\\/eden-hotel.com\\\/de\\\/hotel-a-levico-terme\\\/panorama-terrasse\\\/\",\"name\":\"Panorama-Terrasse - Hotel Eden Levico Terme\",\"isPartOf\":{\"@id\":\"https:\\\/\\\/eden-hotel.com\\\/#website\"},\"primaryImageOfPage\":{\"@id\":\"https:\\\/\\\/eden-hotel.com\\\/de\\\/hotel-a-levico-terme\\\/panorama-terrasse\\\/#primaryimage\"},\"image\":{\"@id\":\"https:\\\/\\\/eden-hotel.com\\\/de\\\/hotel-a-levico-terme\\\/panorama-terrasse\\\/#primaryimage\"},\"thumbnailUrl\":\"https:\\\/\\\/eden-hotel.com\\\/wp-content\\\/uploads\\\/2023\\\/09\\\/OND08246.jpg\",\"datePublished\":\"2023-09-15T09:26:07+00:00\",\"dateModified\":\"2023-09-15T11:59:06+00:00\",\"description\":\"Im Hotel Eden ist die Panoramaterrasse mit Blick auf den Levico-See eine Oase des Luxus und des Komforts zwischen Entspannung und Fitness\",\"breadcrumb\":{\"@id\":\"https:\\\/\\\/eden-hotel.com\\\/de\\\/hotel-a-levico-terme\\\/panorama-terrasse\\\/#breadcrumb\"},\"inLanguage\":\"de\",\"potentialAction\":[{\"@type\":\"ReadAction\",\"target\":[\"https:\\\/\\\/eden-hotel.com\\\/de\\\/hotel-a-levico-terme\\\/panorama-terrasse\\\/\"]}]},{\"@type\":\"ImageObject\",\"inLanguage\":\"de\",\"@id\":\"https:\\\/\\\/eden-hotel.com\\\/de\\\/hotel-a-levico-terme\\\/panorama-terrasse\\\/#primaryimage\",\"url\":\"https:\\\/\\\/eden-hotel.com\\\/wp-content\\\/uploads\\\/2023\\\/09\\\/OND08246.jpg\",\"contentUrl\":\"https:\\\/\\\/eden-hotel.com\\\/wp-content\\\/uploads\\\/2023\\\/09\\\/OND08246.jpg\",\"width\":1920,\"height\":1280,\"caption\":\"Hotel con terrazza a Levico Terme\"},{\"@type\":\"BreadcrumbList\",\"@id\":\"https:\\\/\\\/eden-hotel.com\\\/de\\\/hotel-a-levico-terme\\\/panorama-terrasse\\\/#breadcrumb\",\"itemListElement\":[{\"@type\":\"ListItem\",\"position\":1,\"name\":\"Home\",\"item\":\"https:\\\/\\\/eden-hotel.com\\\/de\\\/\"},{\"@type\":\"ListItem\",\"position\":2,\"name\":\"Hotel a Levico Terme\",\"item\":\"https:\\\/\\\/eden-hotel.com\\\/de\\\/hotel-a-levico-terme\\\/\"},{\"@type\":\"ListItem\",\"position\":3,\"name\":\"Panorama-Terrasse\"}]},{\"@type\":\"WebSite\",\"@id\":\"https:\\\/\\\/eden-hotel.com\\\/#website\",\"url\":\"https:\\\/\\\/eden-hotel.com\\\/\",\"name\":\"Hotel Eden Levico Terme\",\"description\":\"Hotel Eden Levico Terme\",\"publisher\":{\"@id\":\"https:\\\/\\\/eden-hotel.com\\\/#organization\"},\"potentialAction\":[{\"@type\":\"SearchAction\",\"target\":{\"@type\":\"EntryPoint\",\"urlTemplate\":\"https:\\\/\\\/eden-hotel.com\\\/?s={search_term_string}\"},\"query-input\":{\"@type\":\"PropertyValueSpecification\",\"valueRequired\":true,\"valueName\":\"search_term_string\"}}],\"inLanguage\":\"de\"},{\"@type\":\"Organization\",\"@id\":\"https:\\\/\\\/eden-hotel.com\\\/#organization\",\"name\":\"Hotel Eden Levico Terme\",\"url\":\"https:\\\/\\\/eden-hotel.com\\\/\",\"logo\":{\"@type\":\"ImageObject\",\"inLanguage\":\"de\",\"@id\":\"https:\\\/\\\/eden-hotel.com\\\/#\\\/schema\\\/logo\\\/image\\\/\",\"url\":\"http:\\\/\\\/eden-hotel.com\\\/wp-content\\\/uploads\\\/2023\\\/06\\\/logo-d34bb626.png\",\"contentUrl\":\"http:\\\/\\\/eden-hotel.com\\\/wp-content\\\/uploads\\\/2023\\\/06\\\/logo-d34bb626.png\",\"width\":182,\"height\":83,\"caption\":\"Hotel Eden Levico Terme\"},\"image\":{\"@id\":\"https:\\\/\\\/eden-hotel.com\\\/#\\\/schema\\\/logo\\\/image\\\/\"},\"sameAs\":[\"https:\\\/\\\/www.facebook.com\\\/HotelEdenLevicoTerme\"]}]}<\/script>\n<!-- \/ Yoast SEO plugin. -->","yoast_head_json":{"title":"Panorama-Terrasse - Hotel Eden Levico Terme","description":"Im Hotel Eden ist die Panoramaterrasse mit Blick auf den Levico-See eine Oase des Luxus und des Komforts zwischen Entspannung und Fitness","robots":{"index":"index","follow":"follow","max-snippet":"max-snippet:-1","max-image-preview":"max-image-preview:large","max-video-preview":"max-video-preview:-1"},"canonical":"https:\/\/eden-hotel.com\/de\/hotel-a-levico-terme\/panorama-terrasse\/","og_locale":"de_DE","og_type":"article","og_title":"Panorama-Terrasse - Hotel Eden Levico Terme","og_description":"Im Hotel Eden ist die Panoramaterrasse mit Blick auf den Levico-See eine Oase des Luxus und des Komforts zwischen Entspannung und Fitness","og_url":"https:\/\/eden-hotel.com\/de\/hotel-a-levico-terme\/panorama-terrasse\/","og_site_name":"Hotel Eden Levico Terme","article_publisher":"https:\/\/www.facebook.com\/HotelEdenLevicoTerme","article_modified_time":"2023-09-15T11:59:06+00:00","og_image":[{"width":1920,"height":1280,"url":"https:\/\/eden-hotel.com\/wp-content\/uploads\/2023\/09\/OND08246.jpg","type":"image\/jpeg"}],"twitter_card":"summary_large_image","twitter_misc":{"Gesch\u00e4tzte Lesezeit":"2\u00a0Minuten"},"schema":{"@context":"https:\/\/schema.org","@graph":[{"@type":"WebPage","@id":"https:\/\/eden-hotel.com\/de\/hotel-a-levico-terme\/panorama-terrasse\/","url":"https:\/\/eden-hotel.com\/de\/hotel-a-levico-terme\/panorama-terrasse\/","name":"Panorama-Terrasse - Hotel Eden Levico Terme","isPartOf":{"@id":"https:\/\/eden-hotel.com\/#website"},"primaryImageOfPage":{"@id":"https:\/\/eden-hotel.com\/de\/hotel-a-levico-terme\/panorama-terrasse\/#primaryimage"},"image":{"@id":"https:\/\/eden-hotel.com\/de\/hotel-a-levico-terme\/panorama-terrasse\/#primaryimage"},"thumbnailUrl":"https:\/\/eden-hotel.com\/wp-content\/uploads\/2023\/09\/OND08246.jpg","datePublished":"2023-09-15T09:26:07+00:00","dateModified":"2023-09-15T11:59:06+00:00","description":"Im Hotel Eden ist die Panoramaterrasse mit Blick auf den Levico-See eine Oase des Luxus und des Komforts zwischen Entspannung und Fitness","breadcrumb":{"@id":"https:\/\/eden-hotel.com\/de\/hotel-a-levico-terme\/panorama-terrasse\/#breadcrumb"},"inLanguage":"de","potentialAction":[{"@type":"ReadAction","target":["https:\/\/eden-hotel.com\/de\/hotel-a-levico-terme\/panorama-terrasse\/"]}]},{"@type":"ImageObject","inLanguage":"de","@id":"https:\/\/eden-hotel.com\/de\/hotel-a-levico-terme\/panorama-terrasse\/#primaryimage","url":"https:\/\/eden-hotel.com\/wp-content\/uploads\/2023\/09\/OND08246.jpg","contentUrl":"https:\/\/eden-hotel.com\/wp-content\/uploads\/2023\/09\/OND08246.jpg","width":1920,"height":1280,"caption":"Hotel con terrazza a Levico Terme"},{"@type":"BreadcrumbList","@id":"https:\/\/eden-hotel.com\/de\/hotel-a-levico-terme\/panorama-terrasse\/#breadcrumb","itemListElement":[{"@type":"ListItem","position":1,"name":"Home","item":"https:\/\/eden-hotel.com\/de\/"},{"@type":"ListItem","position":2,"name":"Hotel a Levico Terme","item":"https:\/\/eden-hotel.com\/de\/hotel-a-levico-terme\/"},{"@type":"ListItem","position":3,"name":"Panorama-Terrasse"}]},{"@type":"WebSite","@id":"https:\/\/eden-hotel.com\/#website","url":"https:\/\/eden-hotel.com\/","name":"Hotel Eden Levico Terme","description":"Hotel Eden Levico Terme","publisher":{"@id":"https:\/\/eden-hotel.com\/#organization"},"potentialAction":[{"@type":"SearchAction","target":{"@type":"EntryPoint","urlTemplate":"https:\/\/eden-hotel.com\/?s={search_term_string}"},"query-input":{"@type":"PropertyValueSpecification","valueRequired":true,"valueName":"search_term_string"}}],"inLanguage":"de"},{"@type":"Organization","@id":"https:\/\/eden-hotel.com\/#organization","name":"Hotel Eden Levico Terme","url":"https:\/\/eden-hotel.com\/","logo":{"@type":"ImageObject","inLanguage":"de","@id":"https:\/\/eden-hotel.com\/#\/schema\/logo\/image\/","url":"http:\/\/eden-hotel.com\/wp-content\/uploads\/2023\/06\/logo-d34bb626.png","contentUrl":"http:\/\/eden-hotel.com\/wp-content\/uploads\/2023\/06\/logo-d34bb626.png","width":182,"height":83,"caption":"Hotel Eden Levico Terme"},"image":{"@id":"https:\/\/eden-hotel.com\/#\/schema\/logo\/image\/"},"sameAs":["https:\/\/www.facebook.com\/HotelEdenLevicoTerme"]}]}},"publishpress_future_action":{"enabled":false,"date":"2026-05-06 12:47:48","action":"change-status","newStatus":"draft","terms":[],"taxonomy":"translation_priority","extraData":[]},"publishpress_future_workflow_manual_trigger":{"enabledWorkflows":[]},"_links":{"self":[{"href":"https:\/\/eden-hotel.com\/de\/wp-json\/wp\/v2\/pages\/1550","targetHints":{"allow":["GET"]}}],"collection":[{"href":"https:\/\/eden-hotel.com\/de\/wp-json\/wp\/v2\/pages"}],"about":[{"href":"https:\/\/eden-hotel.com\/de\/wp-json\/wp\/v2\/types\/page"}],"author":[{"embeddable":true,"href":"https:\/\/eden-hotel.com\/de\/wp-json\/wp\/v2\/users\/1"}],"replies":[{"embeddable":true,"href":"https:\/\/eden-hotel.com\/de\/wp-json\/wp\/v2\/comments?post=1550"}],"version-history":[{"count":3,"href":"https:\/\/eden-hotel.com\/de\/wp-json\/wp\/v2\/pages\/1550\/revisions"}],"predecessor-version":[{"id":1556,"href":"https:\/\/eden-hotel.com\/de\/wp-json\/wp\/v2\/pages\/1550\/revisions\/1556"}],"up":[{"embeddable":true,"href":"https:\/\/eden-hotel.com\/de\/wp-json\/wp\/v2\/pages\/999"}],"wp:featuredmedia":[{"embeddable":true,"href":"https:\/\/eden-hotel.com\/de\/wp-json\/wp\/v2\/media\/1475"}],"wp:attachment":[{"href":"https:\/\/eden-hotel.com\/de\/wp-json\/wp\/v2\/media?parent=1550"}],"curies":[{"name":"wp","href":"https:\/\/api.w.org\/{rel}","templated":true}]}}