{"id":1229,"date":"2023-06-23T14:06:31","date_gmt":"2023-06-23T12:06:31","guid":{"rendered":"http:\/\/eden-hotel.com\/what-to-do-in-levico\/kultur\/levico-terme\/"},"modified":"2026-04-29T11:53:15","modified_gmt":"2026-04-29T09:53:15","slug":"levico-terme","status":"publish","type":"page","link":"https:\/\/eden-hotel.com\/de\/what-to-do-in-levico\/kultur\/levico-terme\/","title":{"rendered":"Levico Terme"},"content":{"rendered":"<section class=\"l-section wpb_row us_custom_4e018e91 hide_on_tablets hide_on_mobiles height_medium full_height valign_center\"><div class=\"l-section-h i-cf\"><div class=\"g-cols vc_row via_grid cols_1 laptops-cols_inherit tablets-cols_inherit mobiles-cols_1 valign_top type_default stacking_default\"><div class=\"wpb_column vc_column_container\"><div class=\"vc_column-inner\"><div class=\"w-vwrapper us_custom_59aee68e align_none valign_top\"><div class=\"wpb_text_column us_custom_88f885ac has_text_color\"><div class=\"wpb_wrapper\"><p>EINTAUCHEN IN DIE TRENTINER KULTUR<\/p>\n<\/div><\/div><div class=\"wpb_text_column us_custom_dccdc381\"><div class=\"wpb_wrapper\"><h1>LEVICO TERME<\/h1>\n<\/div><\/div><div class=\"w-image us_custom_24e0693b align_none\"><div class=\"w-image-h\"><img decoding=\"async\" width=\"290\" height=\"71\" src=\"https:\/\/eden-hotel.com\/wp-content\/uploads\/2023\/06\/separatore-50aa8bf4.png\" class=\"attachment-large size-large\" alt=\"\" loading=\"lazy\" \/><\/div><\/div><div class=\"wpb_text_column us_custom_7d28caca\"><div class=\"wpb_wrapper\"><p>Die Stadt Levico, die jahrhundertelang eine Grenzstadt an der s\u00fcd\u00f6stlichen Grenze des Trentino war (zuerst das bisch\u00f6fliche F\u00fcrstentum und dann das \u00f6sterreichische Kaiserreich), erhebt sich in erh\u00f6hter und sonniger Lage am linken Ufer des Valsugana, dort, wo sich das Tal weitet und der Fluss Brenta aus den Seen Levico und Caldonazzo entspringt. Neben der Geschichte und den Traditionen im Zu-sammenhang mit der Berglandwirtschaft, die es mit dem gr\u00f6\u00dften Teil des Trentino teilt, ist die Seele von Levico mit der Entwicklung des Thermaltourismus verbunden, der im 19. Jahrhundert seine ersten Schritte machte.<\/p>\n<\/div><\/div><\/div><\/div><\/div><\/div><\/div><\/section><section class=\"l-section wpb_row us_custom_4e018e91 hide_on_default hide_on_laptops height_medium full_height valign_center color_primary\"><div class=\"l-section-overlay\" style=\"background:rgba(0,0,0,0.30)\"><\/div><div class=\"l-section-h i-cf\"><div class=\"g-cols vc_row via_grid cols_1 laptops-cols_inherit tablets-cols_inherit mobiles-cols_1 valign_top type_default stacking_default\"><div class=\"wpb_column vc_column_container\"><div class=\"vc_column-inner\"><div class=\"w-vwrapper us_custom_59aee68e align_none valign_top\"><div class=\"wpb_text_column us_custom_eb633521 has_text_color\"><div class=\"wpb_wrapper\"><p>EINTAUCHEN IN DIE TRENTINER KULTUR<\/p>\n<\/div><\/div><div class=\"wpb_text_column us_custom_9e593153 has_text_color\"><div class=\"wpb_wrapper\"><p>LEVICO TERME<\/p>\n<\/div><\/div><div class=\"w-image us_custom_9047c4b3 align_none\"><div class=\"w-image-h\"><img decoding=\"async\" width=\"290\" height=\"71\" src=\"https:\/\/eden-hotel.com\/wp-content\/uploads\/2023\/06\/separatore-50aa8bf4.png\" class=\"attachment-large size-large\" alt=\"\" loading=\"lazy\" \/><\/div><\/div><div class=\"wpb_text_column us_custom_30f3539d\"><div class=\"wpb_wrapper\"><\/div><\/div><\/div><\/div><\/div><\/div><\/div><\/section><section class=\"l-section wpb_row height_huge\"><div class=\"l-section-h i-cf\"><div class=\"g-cols vc_row via_grid cols_1-2 laptops-cols_inherit tablets-cols_inherit mobiles-cols_1 valign_top type_default stacking_default\"><div class=\"wpb_column vc_column_container\"><div class=\"vc_column-inner\"><div class=\"wpb_text_column\"><div class=\"wpb_wrapper\"><h2>Kultur in Levico<\/h2>\n<\/div><\/div><\/div><\/div><div class=\"wpb_column vc_column_container\"><div class=\"vc_column-inner\"><div class=\"wpb_text_column\"><div class=\"wpb_wrapper\"><p>Ein Ort, an dem der aufmerksame Betrachter neben Boulevards und Parks, die an die Fassaden der Belle \u00c9poque und des Jugendstils erinnern, auch die Spuren der alten M\u00fchlen und terrassenf\u00f6rmig an-gelegten Weinberge erkennen kann, die die H\u00e4nge bis zu 800 Meter \u00fcber dem Meeresspiegel bede-cken. Der Ort ist umgeben von dem mittelalterlichen Castel Selva (heute eine Ruine) auf der einen Sei-te und dem Forte delle Benne aus dem sp\u00e4ten 19. Jahrhundert (restauriert und f\u00fcr Besucher zug\u00e4ng-lich) auf der anderen Seite. Aus der gleichen Zeit stammt der Bau der gro\u00dfen Erzpriesterkirche im ne-obyzantinischen Stil. Wenn man den Berg hinaufsteigt, befindet sich auf der Seite von Vetriolo das Thermalgebiet mit seiner Quelle und seiner Einrichtung gegen\u00fcber dem Gebiet der &#8222;Baiti&#8220;, wo die Le-vicensi Bergbau betrieben. Auf dem anderen Berg von Levico, dem Altopiano di Vezzena, sind die sanften Weiden, auf denen die K\u00fche grasen und d\u00f6sen, mit rohen Zeugnissen des Ersten Weltkriegs \u00fcbers\u00e4t, von dem einige Episoden hier stattfanden.<\/p>\n<p>Kurzum, von den Relikten der &#8222;gro\u00dfen Geschichte&#8220; bis zu den kleinen Zeugnissen der Geschichten der Menschen, die hier gelebt haben, kann man in Levico die authentische Trentiner Kultur einatmen.<\/p>\n<\/div><\/div><\/div><\/div><\/div><\/div><\/section><section class=\"l-section wpb_row height_medium full_height valign_center with_img parallax_ver\"><div class=\"l-section-img\" role=\"img\" aria-label=\"Hotel Eden Levico Terme\" data-img-width=\"1920\" data-img-height=\"1080\" style=\"background-image: url(https:\/\/eden-hotel.com\/wp-content\/uploads\/2023\/06\/laghi-levico-caldonazzo-valsugana-tramonto-e0926ffd.jpeg);background-repeat: no-repeat;\"><\/div><div class=\"l-section-overlay\" style=\"background:rgba(0,0,0,0.30)\"><\/div><div class=\"l-section-h i-cf\"><div class=\"g-cols vc_row via_grid cols_2 laptops-cols_inherit tablets-cols_inherit mobiles-cols_1 valign_middle type_default stacking_default\"><div class=\"wpb_column vc_column_container\"><div class=\"vc_column-inner\"><div class=\"wpb_text_column us_custom_6df4bc3a has_text_color\"><div class=\"wpb_wrapper\"><h2>Unvergessliche Sonnenunterg\u00e4nge<\/h2>\n<\/div><\/div><div class=\"wpb_text_column us_custom_6df4bc3a has_text_color\"><div class=\"wpb_wrapper\"><p>Es gibt viele Aussichtspunkte, von denen man eine atemberaubende Aussicht genie\u00dfen kann. Hier \u00f6ff-net sich das Valsugana, um die schimmernden Seen zu empfangen, \u00fcber die hinweg keine Erhebung den Blick versperrt, frei, um die zerkl\u00fcfteten Gipfel der Brenta-Dolomiten (die &#8222;Sfulmini&#8220;) zu bewundern, die sich k\u00fchn gegen den blauen Himmel abheben.<\/p>\n<\/div><\/div><\/div><\/div><div class=\"wpb_column vc_column_container\"><div class=\"vc_column-inner\"><\/div><\/div><\/div><\/div><\/section><section class=\"l-section wpb_row height_huge color_alternate\"><div class=\"l-section-h i-cf\"><div class=\"g-cols vc_row via_grid cols_2 laptops-cols_inherit tablets-cols_inherit mobiles-cols_1 valign_middle type_default stacking_default\"><div class=\"wpb_column vc_column_container us_custom_5bdbf885 has_bg_color stretched\"><div class=\"vc_column-inner\"><\/div><\/div><div class=\"wpb_column vc_column_container\"><div class=\"vc_column-inner\"><div class=\"wpb_text_column\"><div class=\"wpb_wrapper\"><h2>Hochebene, Almen und Festungen<\/h2>\n<\/div><\/div><div class=\"wpb_text_column\"><div class=\"wpb_wrapper\"><p>Die Hochebene von Vezzena liegt gr\u00f6\u00dftenteils auf dem Gebiet von Levico und umfasst etwa 2000 Hektar, von denen 700 Hektar als Weideland genutzt werden. Auf unterschiedlich langen Wanderun-gen in meist flachem Gel\u00e4nde k\u00f6nnen Sie die Traditionen der Almen entdecken, aber auch die Spuren des Ersten Weltkriegs zwischen Sch\u00fctzengr\u00e4ben, Festungen und Schlachtfeldern erkunden.<\/p>\n<\/div><\/div><\/div><\/div><\/div><\/div><\/section><section class=\"l-section wpb_row us_custom_6663172a height_auto width_full\"><div class=\"l-section-h i-cf\"><div class=\"g-cols vc_row via_grid cols_1 laptops-cols_inherit tablets-cols_inherit mobiles-cols_1 valign_top type_default stacking_default\"><div class=\"wpb_column vc_column_container\"><div class=\"vc_column-inner\"><div class=\"w-separator size_large\"><\/div><div class=\"wpb_text_column us_custom_58b1af09\"><div class=\"wpb_wrapper\"><h2 class=\"uk-h3 uk-margin-small\"><strong>Gallery<\/strong><\/h2>\n<\/div><\/div><div class=\"w-image us_custom_9047c4b3 align_center\"><div class=\"w-image-h\"><img decoding=\"async\" width=\"290\" height=\"71\" src=\"https:\/\/eden-hotel.com\/wp-content\/uploads\/2023\/06\/separatore-50aa8bf4.png\" class=\"attachment-large size-large\" alt=\"\" loading=\"lazy\" \/><\/div><\/div><div class=\"w-separator size_medium\"><\/div><div class=\"w-grid us_post_list apply_url_params type_grid layout_gallery_cropped cols_4 preload_style_spinner ratio_1x1\" id=\"us_post_list_zac5\" style=\"--columns:4;--gap:0.2rem;--item-ratio:1;\"><style>@media (max-width:1380px){#us_post_list_zac5{--columns:3!important}}@media (max-width:1024px){#us_post_list_zac5{--columns:2!important}}@media (max-width:600px){#us_post_list_zac5{--columns:2!important}}.layout_gallery_cropped .w-grid-item-h{}.layout_gallery_cropped .usg_post_image_1{position:absolute!important;left:0!important;top:0!important;bottom:0!important;right:0!important}<\/style><div class=\"w-grid-list\">\t<article class=\"w-grid-item size_1x1 post-764 attachment type-attachment status-inherit hentry\" data-id=\"764\">\r\n\t\t<div class=\"w-grid-item-h\">\r\n\t\t\t\t\t\t\t<a ref=\"magnificPopupGrid\" href=\"https:\/\/eden-hotel.com\/wp-content\/uploads\/2023\/06\/bici-fiori-centro-storico-levico-terme-valsugana-e463265d.jpeg\" class=\"w-grid-item-anchor\" aria-label=\"Hotel Eden Levico Terme\"><\/a>\r\n\t\t\t\t\t\t<div class=\"w-post-elm post_image usg_post_image_1 stretched\"><img loading=\"lazy\" decoding=\"async\" width=\"960\" height=\"640\" src=\"https:\/\/eden-hotel.com\/wp-content\/uploads\/2023\/06\/bici-fiori-centro-storico-levico-terme-valsugana-e463265d.jpeg\" class=\"attachment-large size-large\" alt=\"Hotel Eden Levico Terme\" srcset=\"https:\/\/eden-hotel.com\/wp-content\/uploads\/2023\/06\/bici-fiori-centro-storico-levico-terme-valsugana-e463265d.jpeg 960w, https:\/\/eden-hotel.com\/wp-content\/uploads\/2023\/06\/bici-fiori-centro-storico-levico-terme-valsugana-e463265d-300x200.jpeg 300w\" sizes=\"auto, (max-width: 960px) 100vw, 960px\" \/><\/div>\t\t<\/div>\r\n\t\t\t<\/article>\r\n\t<article class=\"w-grid-item size_1x1 post-767 attachment type-attachment status-inherit hentry\" data-id=\"767\">\r\n\t\t<div class=\"w-grid-item-h\">\r\n\t\t\t\t\t\t\t<a ref=\"magnificPopupGrid\" href=\"https:\/\/eden-hotel.com\/wp-content\/uploads\/2023\/06\/fontana-centro-storico-levico-terme-a421e323.jpeg\" class=\"w-grid-item-anchor\" aria-label=\"Hotel Eden Levico Terme\"><\/a>\r\n\t\t\t\t\t\t<div class=\"w-post-elm post_image usg_post_image_1 stretched\"><img loading=\"lazy\" decoding=\"async\" width=\"960\" height=\"640\" src=\"https:\/\/eden-hotel.com\/wp-content\/uploads\/2023\/06\/fontana-centro-storico-levico-terme-a421e323.jpeg\" class=\"attachment-large size-large\" alt=\"Hotel Eden Levico Terme\" srcset=\"https:\/\/eden-hotel.com\/wp-content\/uploads\/2023\/06\/fontana-centro-storico-levico-terme-a421e323.jpeg 960w, https:\/\/eden-hotel.com\/wp-content\/uploads\/2023\/06\/fontana-centro-storico-levico-terme-a421e323-300x200.jpeg 300w\" sizes=\"auto, (max-width: 960px) 100vw, 960px\" \/><\/div>\t\t<\/div>\r\n\t\t\t<\/article>\r\n\t<article class=\"w-grid-item size_1x1 post-770 attachment type-attachment status-inherit hentry\" data-id=\"770\">\r\n\t\t<div class=\"w-grid-item-h\">\r\n\t\t\t\t\t\t\t<a ref=\"magnificPopupGrid\" href=\"https:\/\/eden-hotel.com\/wp-content\/uploads\/2023\/06\/vista-lago-levico-caldonazzo-3c53033e.jpeg\" class=\"w-grid-item-anchor\" aria-label=\"Hotel Eden Levico Terme\"><\/a>\r\n\t\t\t\t\t\t<div class=\"w-post-elm post_image usg_post_image_1 stretched\"><img loading=\"lazy\" decoding=\"async\" width=\"960\" height=\"640\" src=\"https:\/\/eden-hotel.com\/wp-content\/uploads\/2023\/06\/vista-lago-levico-caldonazzo-3c53033e.jpeg\" class=\"attachment-large size-large\" alt=\"Hotel Eden Levico Terme\" srcset=\"https:\/\/eden-hotel.com\/wp-content\/uploads\/2023\/06\/vista-lago-levico-caldonazzo-3c53033e.jpeg 960w, https:\/\/eden-hotel.com\/wp-content\/uploads\/2023\/06\/vista-lago-levico-caldonazzo-3c53033e-300x200.jpeg 300w\" sizes=\"auto, (max-width: 960px) 100vw, 960px\" \/><\/div>\t\t<\/div>\r\n\t\t\t<\/article>\r\n\t<article class=\"w-grid-item size_1x1 post-773 attachment type-attachment status-inherit hentry\" data-id=\"773\">\r\n\t\t<div class=\"w-grid-item-h\">\r\n\t\t\t\t\t\t\t<a ref=\"magnificPopupGrid\" href=\"https:\/\/eden-hotel.com\/wp-content\/uploads\/2023\/06\/lago-levico-cittadina-levico-terme-ebe54f03.jpeg\" class=\"w-grid-item-anchor\" aria-label=\"Hotel Eden Levico Terme\"><\/a>\r\n\t\t\t\t\t\t<div class=\"w-post-elm post_image usg_post_image_1 stretched\"><img loading=\"lazy\" decoding=\"async\" width=\"960\" height=\"640\" src=\"https:\/\/eden-hotel.com\/wp-content\/uploads\/2023\/06\/lago-levico-cittadina-levico-terme-ebe54f03.jpeg\" class=\"attachment-large size-large\" alt=\"Hotel Eden Levico Terme\" srcset=\"https:\/\/eden-hotel.com\/wp-content\/uploads\/2023\/06\/lago-levico-cittadina-levico-terme-ebe54f03.jpeg 960w, https:\/\/eden-hotel.com\/wp-content\/uploads\/2023\/06\/lago-levico-cittadina-levico-terme-ebe54f03-300x200.jpeg 300w\" sizes=\"auto, (max-width: 960px) 100vw, 960px\" \/><\/div>\t\t<\/div>\r\n\t\t\t<\/article>\r\n<\/div><div class=\"g-loadmore hidden\"><div class=\"g-preloader type_1\"><div><\/div><\/div><\/div><div class=\"w-grid-list-json hidden\" onclick='return {&quot;max_num_pages&quot;:0,&quot;paginationBase&quot;:&quot;page&quot;,&quot;pagination&quot;:&quot;none&quot;,&quot;paged&quot;:1,&quot;ajaxData&quot;:{&quot;action&quot;:&quot;us_ajax_post_list&quot;,&quot;meta_type&quot;:&quot;post&quot;,&quot;object_id&quot;:0,&quot;template_vars&quot;:{&quot;shortcode_base&quot;:&quot;us_post_list&quot;,&quot;paged&quot;:1,&quot;max_num_pages&quot;:0,&quot;no_results&quot;:false,&quot;us_post_content_design_css&quot;:[],&quot;found_posts&quot;:0,&quot;per_page&quot;:10,&quot;items_count&quot;:4,&quot;orderby_random_seed&quot;:null,&quot;source&quot;:&quot;media&quot;,&quot;custom_field_name&quot;:&quot;&quot;,&quot;ids&quot;:&quot;&quot;,&quot;post_type&quot;:&quot;&quot;,&quot;attachment_ids&quot;:&quot;762,765,768,771&quot;,&quot;include_post_thumbnail&quot;:0,&quot;post_author&quot;:&quot;any&quot;,&quot;post_author_ids&quot;:&quot;&quot;,&quot;apply_url_params&quot;:&quot;1&quot;,&quot;ignore_sticky_posts&quot;:&quot;0&quot;,&quot;exclude_children&quot;:0,&quot;exclude_current_post&quot;:1,&quot;exclude_prev_posts&quot;:0,&quot;exclude_past_events&quot;:&quot;1&quot;,&quot;enable_items_offset&quot;:0,&quot;items_offset&quot;:&quot;1&quot;,&quot;tax_query_relation&quot;:&quot;none&quot;,&quot;tax_query&quot;:[{&quot;operator&quot;:&quot;IN&quot;,&quot;taxonomy&quot;:&quot;category&quot;,&quot;terms&quot;:&quot;&quot;,&quot;include_children&quot;:0}],&quot;meta_query_relation&quot;:&quot;none&quot;,&quot;meta_query&quot;:[{&quot;key&quot;:&quot;custom_field_name&quot;,&quot;compare&quot;:&quot;=&quot;,&quot;value&quot;:&quot;&quot;}],&quot;orderby&quot;:&quot;post__in&quot;,&quot;orderby_custom_field&quot;:&quot;&quot;,&quot;orderby_custom_type&quot;:0,&quot;order_invert&quot;:&quot;1&quot;,&quot;show_all&quot;:0,&quot;quantity&quot;:&quot;10&quot;,&quot;posts_per_archive_page&quot;:0,&quot;no_items_action&quot;:&quot;message&quot;,&quot;no_items_message&quot;:&quot;Es wurden keine Ergebnisse gefunden.&quot;,&quot;no_items_page_block&quot;:&quot;&quot;,&quot;pagination&quot;:&quot;none&quot;,&quot;pagination_style&quot;:&quot;&quot;,&quot;pagination_btn_text&quot;:&quot;Mehr laden&quot;,&quot;pagination_btn_size&quot;:&quot;&quot;,&quot;pagination_btn_style&quot;:&quot;1&quot;,&quot;pagination_btn_fullwidth&quot;:0,&quot;items_layout&quot;:&quot;gallery_cropped&quot;,&quot;type&quot;:&quot;grid&quot;,&quot;items_valign&quot;:0,&quot;ignore_items_size&quot;:0,&quot;columns&quot;:&quot;4&quot;,&quot;items_gap&quot;:&quot;0.2rem&quot;,&quot;load_animation&quot;:&quot;none&quot;,&quot;items_preload_style&quot;:&quot;spinner&quot;,&quot;img_size&quot;:&quot;default&quot;,&quot;title_size&quot;:&quot;&quot;,&quot;items_ratio&quot;:&quot;default&quot;,&quot;items_ratio_width&quot;:&quot;21&quot;,&quot;items_ratio_height&quot;:&quot;9&quot;,&quot;overriding_link&quot;:&quot;%7B%22type%22%3A%22popup_image%22%7D&quot;,&quot;popup_page_template&quot;:&quot;0&quot;,&quot;popup_width&quot;:&quot;&quot;,&quot;popup_arrows&quot;:1,&quot;breakpoint_1_width&quot;:&quot;1381px&quot;,&quot;breakpoint_1_cols&quot;:&quot;3&quot;,&quot;breakpoint_1_quantity&quot;:&quot;&quot;,&quot;breakpoint_1_gap&quot;:&quot;&quot;,&quot;breakpoint_2_width&quot;:&quot;1025px&quot;,&quot;breakpoint_2_cols&quot;:&quot;2&quot;,&quot;breakpoint_2_quantity&quot;:&quot;&quot;,&quot;breakpoint_2_gap&quot;:&quot;&quot;,&quot;breakpoint_3_width&quot;:&quot;601px&quot;,&quot;breakpoint_3_cols&quot;:&quot;2&quot;,&quot;breakpoint_3_quantity&quot;:&quot;&quot;,&quot;breakpoint_3_gap&quot;:&quot;&quot;,&quot;conditions_operator&quot;:&quot;always&quot;,&quot;conditions&quot;:[],&quot;css&quot;:null,&quot;el_class&quot;:&quot;&quot;,&quot;el_id&quot;:&quot;&quot;,&quot;enable_custom_html_atts&quot;:0,&quot;custom_html_atts&quot;:null,&quot;hide_on_states&quot;:&quot;&quot;,&quot;hide_for_sticky&quot;:0,&quot;hide_for_not_sticky&quot;:0,&quot;hide_below&quot;:&quot;0px&quot;,&quot;hide_above&quot;:&quot;0px&quot;,&quot;classes&quot;:&quot;&quot;},&quot;found_posts&quot;:0,&quot;per_page&quot;:10,&quot;list_filters&quot;:&quot;[]&quot;},&quot;facetedFilter&quot;:{&quot;query_args_unfiltered&quot;:&quot;{\\&quot;ignore_sticky_posts\\&quot;:false,\\&quot;post__not_in\\&quot;:[],\\&quot;tax_query\\&quot;:[],\\&quot;meta_query\\&quot;:[],\\&quot;posts_per_page\\&quot;:10,\\&quot;paged\\&quot;:1,\\&quot;apply_list_url_params\\&quot;:true,\\&quot;post_type\\&quot;:\\&quot;attachment\\&quot;,\\&quot;no_found_rows\\&quot;:true,\\&quot;post_status\\&quot;:\\&quot;inherit\\&quot;,\\&quot;post_mime_type\\&quot;:\\&quot;image\\&quot;,\\&quot;post__in\\&quot;:[\\&quot;762\\&quot;,\\&quot;765\\&quot;,\\&quot;768\\&quot;,\\&quot;771\\&quot;]}&quot;}}'><\/div><\/div><\/div><\/div><\/div><\/div><\/section>\n","protected":false},"excerpt":{"rendered":"","protected":false},"author":1,"featured_media":0,"parent":1096,"menu_order":0,"comment_status":"closed","ping_status":"closed","template":"","meta":{"_acf_changed":false,"inline_featured_image":false,"footnotes":""},"class_list":["post-1229","page","type-page","status-publish","hentry"],"acf":[],"yoast_head":"<!-- This site is optimized with the Yoast SEO plugin v27.5 - https:\/\/yoast.com\/product\/yoast-seo-wordpress\/ -->\n<title>Levico Terme<\/title>\n<meta name=\"description\" content=\"Una vacanza alla scoperta di Levico Terme, una cittadina ricca di tradizioni, storia e cultura.\" \/>\n<meta name=\"robots\" content=\"index, follow, max-snippet:-1, max-image-preview:large, max-video-preview:-1\" \/>\n<link rel=\"canonical\" href=\"https:\/\/eden-hotel.com\/de\/what-to-do-in-levico\/kultur\/levico-terme\/\" \/>\n<meta property=\"og:locale\" content=\"de_DE\" \/>\n<meta property=\"og:type\" content=\"article\" \/>\n<meta property=\"og:title\" content=\"Levico Terme\" \/>\n<meta property=\"og:description\" content=\"Una vacanza alla scoperta di Levico Terme, una cittadina ricca di tradizioni, storia e cultura.\" \/>\n<meta property=\"og:url\" content=\"https:\/\/eden-hotel.com\/de\/what-to-do-in-levico\/kultur\/levico-terme\/\" \/>\n<meta property=\"og:site_name\" content=\"Hotel Eden Levico Terme\" \/>\n<meta property=\"article:publisher\" content=\"https:\/\/www.facebook.com\/HotelEdenLevicoTerme\" \/>\n<meta property=\"article:modified_time\" content=\"2026-04-29T09:53:15+00:00\" \/>\n<meta property=\"og:image\" content=\"https:\/\/eden-hotel.com\/wp-content\/uploads\/2023\/06\/dettaglio-camera-singola-levico-ca9e938a.jpeg\" \/>\n\t<meta property=\"og:image:width\" content=\"720\" \/>\n\t<meta property=\"og:image:height\" content=\"500\" \/>\n\t<meta property=\"og:image:type\" content=\"image\/jpeg\" \/>\n<meta name=\"twitter:card\" content=\"summary_large_image\" \/>\n<meta name=\"twitter:label1\" content=\"Gesch\u00e4tzte Lesezeit\" \/>\n\t<meta name=\"twitter:data1\" content=\"3\u00a0Minuten\" \/>\n<script type=\"application\/ld+json\" class=\"yoast-schema-graph\">{\"@context\":\"https:\\\/\\\/schema.org\",\"@graph\":[{\"@type\":\"WebPage\",\"@id\":\"https:\\\/\\\/eden-hotel.com\\\/de\\\/what-to-do-in-levico\\\/kultur\\\/levico-terme\\\/\",\"url\":\"https:\\\/\\\/eden-hotel.com\\\/de\\\/what-to-do-in-levico\\\/kultur\\\/levico-terme\\\/\",\"name\":\"Levico Terme\",\"isPartOf\":{\"@id\":\"https:\\\/\\\/eden-hotel.com\\\/#website\"},\"datePublished\":\"2023-06-23T12:06:31+00:00\",\"dateModified\":\"2026-04-29T09:53:15+00:00\",\"description\":\"Una vacanza alla scoperta di Levico Terme, una cittadina ricca di tradizioni, storia e cultura.\",\"breadcrumb\":{\"@id\":\"https:\\\/\\\/eden-hotel.com\\\/de\\\/what-to-do-in-levico\\\/kultur\\\/levico-terme\\\/#breadcrumb\"},\"inLanguage\":\"de\",\"potentialAction\":[{\"@type\":\"ReadAction\",\"target\":[\"https:\\\/\\\/eden-hotel.com\\\/de\\\/what-to-do-in-levico\\\/kultur\\\/levico-terme\\\/\"]}]},{\"@type\":\"BreadcrumbList\",\"@id\":\"https:\\\/\\\/eden-hotel.com\\\/de\\\/what-to-do-in-levico\\\/kultur\\\/levico-terme\\\/#breadcrumb\",\"itemListElement\":[{\"@type\":\"ListItem\",\"position\":1,\"name\":\"Home\",\"item\":\"https:\\\/\\\/eden-hotel.com\\\/de\\\/\"},{\"@type\":\"ListItem\",\"position\":2,\"name\":\"What to do in Levico\",\"item\":\"https:\\\/\\\/eden-hotel.com\\\/de\\\/what-to-do-in-levico\\\/\"},{\"@type\":\"ListItem\",\"position\":3,\"name\":\"kultur\",\"item\":\"https:\\\/\\\/eden-hotel.com\\\/de\\\/what-to-do-in-levico\\\/kultur\\\/\"},{\"@type\":\"ListItem\",\"position\":4,\"name\":\"Levico Terme\"}]},{\"@type\":\"WebSite\",\"@id\":\"https:\\\/\\\/eden-hotel.com\\\/#website\",\"url\":\"https:\\\/\\\/eden-hotel.com\\\/\",\"name\":\"Hotel Eden Levico Terme\",\"description\":\"Hotel Eden Levico Terme\",\"publisher\":{\"@id\":\"https:\\\/\\\/eden-hotel.com\\\/#organization\"},\"potentialAction\":[{\"@type\":\"SearchAction\",\"target\":{\"@type\":\"EntryPoint\",\"urlTemplate\":\"https:\\\/\\\/eden-hotel.com\\\/?s={search_term_string}\"},\"query-input\":{\"@type\":\"PropertyValueSpecification\",\"valueRequired\":true,\"valueName\":\"search_term_string\"}}],\"inLanguage\":\"de\"},{\"@type\":\"Organization\",\"@id\":\"https:\\\/\\\/eden-hotel.com\\\/#organization\",\"name\":\"Hotel Eden Levico Terme\",\"url\":\"https:\\\/\\\/eden-hotel.com\\\/\",\"logo\":{\"@type\":\"ImageObject\",\"inLanguage\":\"de\",\"@id\":\"https:\\\/\\\/eden-hotel.com\\\/#\\\/schema\\\/logo\\\/image\\\/\",\"url\":\"http:\\\/\\\/eden-hotel.com\\\/wp-content\\\/uploads\\\/2023\\\/06\\\/logo-d34bb626.png\",\"contentUrl\":\"http:\\\/\\\/eden-hotel.com\\\/wp-content\\\/uploads\\\/2023\\\/06\\\/logo-d34bb626.png\",\"width\":182,\"height\":83,\"caption\":\"Hotel Eden Levico Terme\"},\"image\":{\"@id\":\"https:\\\/\\\/eden-hotel.com\\\/#\\\/schema\\\/logo\\\/image\\\/\"},\"sameAs\":[\"https:\\\/\\\/www.facebook.com\\\/HotelEdenLevicoTerme\"]}]}<\/script>\n<!-- \/ Yoast SEO plugin. -->","yoast_head_json":{"title":"Levico Terme","description":"Una vacanza alla scoperta di Levico Terme, una cittadina ricca di tradizioni, storia e cultura.","robots":{"index":"index","follow":"follow","max-snippet":"max-snippet:-1","max-image-preview":"max-image-preview:large","max-video-preview":"max-video-preview:-1"},"canonical":"https:\/\/eden-hotel.com\/de\/what-to-do-in-levico\/kultur\/levico-terme\/","og_locale":"de_DE","og_type":"article","og_title":"Levico Terme","og_description":"Una vacanza alla scoperta di Levico Terme, una cittadina ricca di tradizioni, storia e cultura.","og_url":"https:\/\/eden-hotel.com\/de\/what-to-do-in-levico\/kultur\/levico-terme\/","og_site_name":"Hotel Eden Levico Terme","article_publisher":"https:\/\/www.facebook.com\/HotelEdenLevicoTerme","article_modified_time":"2026-04-29T09:53:15+00:00","og_image":[{"width":720,"height":500,"url":"https:\/\/eden-hotel.com\/wp-content\/uploads\/2023\/06\/dettaglio-camera-singola-levico-ca9e938a.jpeg","type":"image\/jpeg"}],"twitter_card":"summary_large_image","twitter_misc":{"Gesch\u00e4tzte Lesezeit":"3\u00a0Minuten"},"schema":{"@context":"https:\/\/schema.org","@graph":[{"@type":"WebPage","@id":"https:\/\/eden-hotel.com\/de\/what-to-do-in-levico\/kultur\/levico-terme\/","url":"https:\/\/eden-hotel.com\/de\/what-to-do-in-levico\/kultur\/levico-terme\/","name":"Levico Terme","isPartOf":{"@id":"https:\/\/eden-hotel.com\/#website"},"datePublished":"2023-06-23T12:06:31+00:00","dateModified":"2026-04-29T09:53:15+00:00","description":"Una vacanza alla scoperta di Levico Terme, una cittadina ricca di tradizioni, storia e cultura.","breadcrumb":{"@id":"https:\/\/eden-hotel.com\/de\/what-to-do-in-levico\/kultur\/levico-terme\/#breadcrumb"},"inLanguage":"de","potentialAction":[{"@type":"ReadAction","target":["https:\/\/eden-hotel.com\/de\/what-to-do-in-levico\/kultur\/levico-terme\/"]}]},{"@type":"BreadcrumbList","@id":"https:\/\/eden-hotel.com\/de\/what-to-do-in-levico\/kultur\/levico-terme\/#breadcrumb","itemListElement":[{"@type":"ListItem","position":1,"name":"Home","item":"https:\/\/eden-hotel.com\/de\/"},{"@type":"ListItem","position":2,"name":"What to do in Levico","item":"https:\/\/eden-hotel.com\/de\/what-to-do-in-levico\/"},{"@type":"ListItem","position":3,"name":"kultur","item":"https:\/\/eden-hotel.com\/de\/what-to-do-in-levico\/kultur\/"},{"@type":"ListItem","position":4,"name":"Levico Terme"}]},{"@type":"WebSite","@id":"https:\/\/eden-hotel.com\/#website","url":"https:\/\/eden-hotel.com\/","name":"Hotel Eden Levico Terme","description":"Hotel Eden Levico Terme","publisher":{"@id":"https:\/\/eden-hotel.com\/#organization"},"potentialAction":[{"@type":"SearchAction","target":{"@type":"EntryPoint","urlTemplate":"https:\/\/eden-hotel.com\/?s={search_term_string}"},"query-input":{"@type":"PropertyValueSpecification","valueRequired":true,"valueName":"search_term_string"}}],"inLanguage":"de"},{"@type":"Organization","@id":"https:\/\/eden-hotel.com\/#organization","name":"Hotel Eden Levico Terme","url":"https:\/\/eden-hotel.com\/","logo":{"@type":"ImageObject","inLanguage":"de","@id":"https:\/\/eden-hotel.com\/#\/schema\/logo\/image\/","url":"http:\/\/eden-hotel.com\/wp-content\/uploads\/2023\/06\/logo-d34bb626.png","contentUrl":"http:\/\/eden-hotel.com\/wp-content\/uploads\/2023\/06\/logo-d34bb626.png","width":182,"height":83,"caption":"Hotel Eden Levico Terme"},"image":{"@id":"https:\/\/eden-hotel.com\/#\/schema\/logo\/image\/"},"sameAs":["https:\/\/www.facebook.com\/HotelEdenLevicoTerme"]}]}},"publishpress_future_action":{"enabled":false,"date":"2026-05-06 14:11:39","action":"change-status","newStatus":"draft","terms":[],"taxonomy":"translation_priority","extraData":[]},"publishpress_future_workflow_manual_trigger":{"enabledWorkflows":[]},"_links":{"self":[{"href":"https:\/\/eden-hotel.com\/de\/wp-json\/wp\/v2\/pages\/1229","targetHints":{"allow":["GET"]}}],"collection":[{"href":"https:\/\/eden-hotel.com\/de\/wp-json\/wp\/v2\/pages"}],"about":[{"href":"https:\/\/eden-hotel.com\/de\/wp-json\/wp\/v2\/types\/page"}],"author":[{"embeddable":true,"href":"https:\/\/eden-hotel.com\/de\/wp-json\/wp\/v2\/users\/1"}],"replies":[{"embeddable":true,"href":"https:\/\/eden-hotel.com\/de\/wp-json\/wp\/v2\/comments?post=1229"}],"version-history":[{"count":4,"href":"https:\/\/eden-hotel.com\/de\/wp-json\/wp\/v2\/pages\/1229\/revisions"}],"predecessor-version":[{"id":1909,"href":"https:\/\/eden-hotel.com\/de\/wp-json\/wp\/v2\/pages\/1229\/revisions\/1909"}],"up":[{"embeddable":true,"href":"https:\/\/eden-hotel.com\/de\/wp-json\/wp\/v2\/pages\/1096"}],"wp:attachment":[{"href":"https:\/\/eden-hotel.com\/de\/wp-json\/wp\/v2\/media?parent=1229"}],"curies":[{"name":"wp","href":"https:\/\/api.w.org\/{rel}","templated":true}]}}