{"id":1181,"date":"2023-06-23T14:07:23","date_gmt":"2023-06-23T12:07:23","guid":{"rendered":"http:\/\/eden-hotel.com\/what-to-do-in-levico\/aktivitaeten\/christmas-markets\/"},"modified":"2026-04-29T11:52:36","modified_gmt":"2026-04-29T09:52:36","slug":"weihnachtsmaerkte","status":"publish","type":"page","link":"https:\/\/eden-hotel.com\/de\/what-to-do-in-levico\/aktivitaeten\/weihnachtsmaerkte\/","title":{"rendered":"WEIHNACHTSM\u00c4RKTE"},"content":{"rendered":"<section class=\"l-section wpb_row us_custom_497a741a hide_on_tablets hide_on_mobiles height_medium full_height valign_center\"><div class=\"l-section-h i-cf\"><div class=\"g-cols vc_row via_grid cols_1 laptops-cols_inherit tablets-cols_inherit mobiles-cols_1 valign_top type_default stacking_default\"><div class=\"wpb_column vc_column_container\"><div class=\"vc_column-inner\"><div class=\"w-vwrapper us_custom_59aee68e align_none valign_top\"><div class=\"wpb_text_column us_custom_88f885ac has_text_color\"><div class=\"wpb_wrapper\"><p>LICHTER, AROMEN UND MAGISCHE ATMOSPH\u00c4REN<\/p>\n<\/div><\/div><div class=\"wpb_text_column us_custom_dccdc381\"><div class=\"wpb_wrapper\"><h1>WEIHNACHTSM\u00c4RKTE<\/h1>\n<\/div><\/div><div class=\"w-image us_custom_24e0693b align_none\"><div class=\"w-image-h\"><img decoding=\"async\" width=\"290\" height=\"71\" src=\"https:\/\/eden-hotel.com\/wp-content\/uploads\/2023\/06\/separatore-50aa8bf4.png\" class=\"attachment-large size-large\" alt=\"\" loading=\"lazy\" \/><\/div><\/div><div class=\"wpb_text_column us_custom_7d28caca\"><div class=\"wpb_wrapper\"><p>Ein stimmungsvoller Rahmen ist der Habsburger Park, in dem seit vielen Jahren die traditionellen Weihnachtsm\u00e4rkte von Levico Terme stattfinden. Tauchen Sie ein in die faszinierende weihnachtliche Atmosph\u00e4re inmitten von Lichtern, Melodien und typischen Holzh\u00fctten, in denen Sie die D\u00fcfte und Geschm\u00e4cker vergangener Zeiten wiederentdecken k\u00f6nnen: ein besonderer Moment, um sich zu verw\u00f6hnen und sich von den Emotionen mitrei\u00dfen zu las-sen, umgeben von der einladenden Atmosph\u00e4re der festlich geschm\u00fcckten jahrhundertealten B\u00e4ume.<\/p>\n<\/div><\/div><\/div><\/div><\/div><\/div><\/div><\/section><section class=\"l-section wpb_row us_custom_497a741a hide_on_default hide_on_laptops height_medium full_height valign_center color_primary\"><div class=\"l-section-overlay\" style=\"background:rgba(0,0,0,0.30)\"><\/div><div class=\"l-section-h i-cf\"><div class=\"g-cols vc_row via_grid cols_1 laptops-cols_inherit tablets-cols_inherit mobiles-cols_1 valign_top type_default stacking_default\"><div class=\"wpb_column vc_column_container\"><div class=\"vc_column-inner\"><div class=\"w-vwrapper us_custom_59aee68e align_none valign_top\"><div class=\"wpb_text_column us_custom_eb633521 has_text_color\"><div class=\"wpb_wrapper\"><p>LICHTER, AROMEN UND MAGISCHE ATMOSPH\u00c4REN<\/p>\n<\/div><\/div><div class=\"wpb_text_column us_custom_9e593153 has_text_color\"><div class=\"wpb_wrapper\"><p>WEIHNACHTSM\u00c4RKTE<\/p>\n<\/div><\/div><div class=\"w-image us_custom_9047c4b3 align_none\"><div class=\"w-image-h\"><img decoding=\"async\" width=\"290\" height=\"71\" src=\"https:\/\/eden-hotel.com\/wp-content\/uploads\/2023\/06\/separatore-50aa8bf4.png\" class=\"attachment-large size-large\" alt=\"\" loading=\"lazy\" \/><\/div><\/div><\/div><\/div><\/div><\/div><\/div><\/section><section class=\"l-section wpb_row height_huge\"><div class=\"l-section-h i-cf\"><div class=\"g-cols vc_row via_grid cols_1-2 laptops-cols_inherit tablets-cols_inherit mobiles-cols_1 valign_top type_default stacking_default\"><div class=\"wpb_column vc_column_container\"><div class=\"vc_column-inner\"><div class=\"wpb_text_column\"><div class=\"wpb_wrapper\"><h2>Weihnachten dauert in Levico Terme einen Monat!<\/h2>\n<\/div><\/div><\/div><\/div><div class=\"wpb_column vc_column_container\"><div class=\"vc_column-inner\"><div class=\"wpb_text_column\"><div class=\"wpb_wrapper\"><p>Seit zwanzig Jahren verwandelt sich die Stadt Levico Terme zu Weihnachten und bringt die klassi-schen D\u00fcfte und Geschm\u00e4cker der gastronomischen Tradition des Trentino auf die Stra\u00dfen.<\/p>\n<p>Zwischen Begegnungen mit dem Weihnachtsmann und seinen Elfen, historischen Nachstellungen mit Umz\u00fcgen und T\u00e4nzen in habsburgischen Kost\u00fcmen, besonderen Begegnungen mit Tieren auf dem Bauernhof und Wochenenden, die der exzellenten K\u00fcche und dem Wein gewidmet sind, werden Sie den Zauber dieser Zeit inmitten besonderer Erinnerungen und Emotionen wiederentdecken.<\/p>\n<\/div><\/div><\/div><\/div><\/div><\/div><\/section><section class=\"l-section wpb_row height_medium full_height valign_center with_img parallax_ver\"><div class=\"l-section-img\" role=\"img\" aria-label=\"Hotel Eden Levico Terme\" data-img-width=\"1920\" data-img-height=\"1080\" style=\"background-image: url(https:\/\/eden-hotel.com\/wp-content\/uploads\/2023\/06\/mercatini-natale-levico-terme-valsugana-8391c7a2.jpeg);background-repeat: no-repeat;\"><\/div><div class=\"l-section-overlay\" style=\"background:rgba(0,0,0,0.30)\"><\/div><div class=\"l-section-h i-cf\"><div class=\"g-cols vc_row via_grid cols_2 laptops-cols_inherit tablets-cols_inherit mobiles-cols_1 valign_middle type_default stacking_default\"><div class=\"wpb_column vc_column_container\"><div class=\"vc_column-inner\"><div class=\"wpb_text_column us_custom_6df4bc3a has_text_color\"><div class=\"wpb_wrapper\"><h2>Magische Atmosph\u00e4ren<\/h2>\n<\/div><\/div><div class=\"wpb_text_column us_custom_6df4bc3a has_text_color\"><div class=\"wpb_wrapper\"><p>Levico Terme schm\u00fcckt sich f\u00fcr die Festtage mit den Kreationen unserer Bildhauer und ihren h\u00f6lzer-nen Krippen.<\/p>\n<p>Vom verwunschenen Habsburger Park aus, in dem die Weihnachtsm\u00e4rkte stattfinden, k\u00f6nnen Sie durch die Stra\u00dfen des Zentrums schlendern und den Bildhauern bei der Arbeit an der lebensgro\u00dfen Krippe auf dem Kirchplatz begegnen. Au\u00dferdem k\u00f6nnen Sie in der Ausstellung &#8222;El Presepe vizin a c\u00e0&#8220; mehr als hundert Krippen mit lokalem und nationalem Kunsthandwerk entdecken.<\/p>\n<\/div><\/div><\/div><\/div><div class=\"wpb_column vc_column_container\"><div class=\"vc_column-inner\"><\/div><\/div><\/div><\/div><\/section><section class=\"l-section wpb_row height_huge color_alternate\"><div class=\"l-section-h i-cf\"><div class=\"g-cols vc_row via_grid cols_2 laptops-cols_inherit tablets-cols_inherit mobiles-cols_1 valign_middle type_default stacking_default\"><div class=\"wpb_column vc_column_container us_custom_78351396 has_bg_color stretched\"><div class=\"vc_column-inner\"><\/div><\/div><div class=\"wpb_column vc_column_container\"><div class=\"vc_column-inner\"><div class=\"wpb_text_column\"><div class=\"wpb_wrapper\"><h2>Gl\u00fchwein: Unverwechselbares Aroma<\/h2>\n<\/div><\/div><div class=\"wpb_text_column\"><div class=\"wpb_wrapper\"><p>Weihnachtsm\u00e4rkte reimt sich auf&#8230; Gl\u00fchwein!<br \/>\nGl\u00fchwein ist das typischste Getr\u00e4nk der Weihnachtszeit, mit seinem s\u00fc\u00dfen Geschmack und dem un-verwechselbaren Duft von Zimt, Nelken und Muskatnuss, um sich an kalten Winterabenden aufzu-w\u00e4rmen und den ganzen Geschmack unserer Tradition zu genie\u00dfen.<\/p>\n<\/div><\/div><\/div><\/div><\/div><\/div><\/section><section class=\"l-section wpb_row us_custom_6663172a height_auto width_full\"><div class=\"l-section-h i-cf\"><div class=\"g-cols vc_row via_grid cols_1 laptops-cols_inherit tablets-cols_inherit mobiles-cols_1 valign_top type_default stacking_default\"><div class=\"wpb_column vc_column_container\"><div class=\"vc_column-inner\"><div class=\"w-separator size_large\"><\/div><div class=\"wpb_text_column us_custom_58b1af09\"><div class=\"wpb_wrapper\"><h2 class=\"uk-h3 uk-margin-small\"><strong>Gallery<\/strong><\/h2>\n<\/div><\/div><div class=\"w-image us_custom_9047c4b3 align_center\"><div class=\"w-image-h\"><img decoding=\"async\" width=\"290\" height=\"71\" src=\"https:\/\/eden-hotel.com\/wp-content\/uploads\/2023\/06\/separatore-50aa8bf4.png\" class=\"attachment-large size-large\" alt=\"\" loading=\"lazy\" \/><\/div><\/div><div class=\"w-separator size_medium\"><\/div><div class=\"w-grid us_post_list apply_url_params type_grid layout_gallery_cropped cols_4 preload_style_spinner ratio_1x1\" id=\"us_post_list_zcb2\" style=\"--columns:4;--gap:0.2rem;--item-ratio:1;\"><style>@media (max-width:1380px){#us_post_list_zcb2{--columns:3!important}}@media (max-width:1024px){#us_post_list_zcb2{--columns:2!important}}@media (max-width:600px){#us_post_list_zcb2{--columns:2!important}}.layout_gallery_cropped .w-grid-item-h{}.layout_gallery_cropped .usg_post_image_1{position:absolute!important;left:0!important;top:0!important;bottom:0!important;right:0!important}<\/style><div class=\"w-grid-list\">\t<article class=\"w-grid-item size_1x1 post-892 attachment type-attachment status-inherit hentry\" data-id=\"892\">\r\n\t\t<div class=\"w-grid-item-h\">\r\n\t\t\t\t\t\t\t<a ref=\"magnificPopupGrid\" href=\"https:\/\/eden-hotel.com\/wp-content\/uploads\/2023\/06\/artigianato-legno-tipico-mercatini-trentino-bc9be96e.jpeg\" class=\"w-grid-item-anchor\" aria-label=\"Hotel Eden Levico Terme\"><\/a>\r\n\t\t\t\t\t\t<div class=\"w-post-elm post_image usg_post_image_1 stretched\"><img loading=\"lazy\" decoding=\"async\" width=\"960\" height=\"640\" src=\"https:\/\/eden-hotel.com\/wp-content\/uploads\/2023\/06\/artigianato-legno-tipico-mercatini-trentino-bc9be96e.jpeg\" class=\"attachment-large size-large\" alt=\"Hotel Eden Levico Terme\" srcset=\"https:\/\/eden-hotel.com\/wp-content\/uploads\/2023\/06\/artigianato-legno-tipico-mercatini-trentino-bc9be96e.jpeg 960w, https:\/\/eden-hotel.com\/wp-content\/uploads\/2023\/06\/artigianato-legno-tipico-mercatini-trentino-bc9be96e-300x200.jpeg 300w\" sizes=\"auto, (max-width: 960px) 100vw, 960px\" \/><\/div>\t\t<\/div>\r\n\t\t\t<\/article>\r\n\t<article class=\"w-grid-item size_1x1 post-895 attachment type-attachment status-inherit hentry\" data-id=\"895\">\r\n\t\t<div class=\"w-grid-item-h\">\r\n\t\t\t\t\t\t\t<a ref=\"magnificPopupGrid\" href=\"https:\/\/eden-hotel.com\/wp-content\/uploads\/2023\/06\/scultura-legno-mercatini-natale-trentino-6bc78f4c.jpeg\" class=\"w-grid-item-anchor\" aria-label=\"Hotel Eden Levico Terme\"><\/a>\r\n\t\t\t\t\t\t<div class=\"w-post-elm post_image usg_post_image_1 stretched\"><img loading=\"lazy\" decoding=\"async\" width=\"960\" height=\"640\" src=\"https:\/\/eden-hotel.com\/wp-content\/uploads\/2023\/06\/scultura-legno-mercatini-natale-trentino-6bc78f4c.jpeg\" class=\"attachment-large size-large\" alt=\"Hotel Eden Levico Terme\" srcset=\"https:\/\/eden-hotel.com\/wp-content\/uploads\/2023\/06\/scultura-legno-mercatini-natale-trentino-6bc78f4c.jpeg 960w, https:\/\/eden-hotel.com\/wp-content\/uploads\/2023\/06\/scultura-legno-mercatini-natale-trentino-6bc78f4c-300x200.jpeg 300w\" sizes=\"auto, (max-width: 960px) 100vw, 960px\" \/><\/div>\t\t<\/div>\r\n\t\t\t<\/article>\r\n\t<article class=\"w-grid-item size_1x1 post-898 attachment type-attachment status-inherit hentry\" data-id=\"898\">\r\n\t\t<div class=\"w-grid-item-h\">\r\n\t\t\t\t\t\t\t<a ref=\"magnificPopupGrid\" href=\"https:\/\/eden-hotel.com\/wp-content\/uploads\/2023\/06\/decorazione-feltro-artigianato-natalizio-69426d61.jpeg\" class=\"w-grid-item-anchor\" aria-label=\"Hotel Eden Levico Terme\"><\/a>\r\n\t\t\t\t\t\t<div class=\"w-post-elm post_image usg_post_image_1 stretched\"><img loading=\"lazy\" decoding=\"async\" width=\"960\" height=\"640\" src=\"https:\/\/eden-hotel.com\/wp-content\/uploads\/2023\/06\/decorazione-feltro-artigianato-natalizio-69426d61.jpeg\" class=\"attachment-large size-large\" alt=\"Hotel Eden Levico Terme\" srcset=\"https:\/\/eden-hotel.com\/wp-content\/uploads\/2023\/06\/decorazione-feltro-artigianato-natalizio-69426d61.jpeg 960w, https:\/\/eden-hotel.com\/wp-content\/uploads\/2023\/06\/decorazione-feltro-artigianato-natalizio-69426d61-300x200.jpeg 300w\" sizes=\"auto, (max-width: 960px) 100vw, 960px\" \/><\/div>\t\t<\/div>\r\n\t\t\t<\/article>\r\n\t<article class=\"w-grid-item size_1x1 post-901 attachment type-attachment status-inherit hentry\" data-id=\"901\">\r\n\t\t<div class=\"w-grid-item-h\">\r\n\t\t\t\t\t\t\t<a ref=\"magnificPopupGrid\" href=\"https:\/\/eden-hotel.com\/wp-content\/uploads\/2023\/06\/turisti-mercatini-natale-rovereto-trentino-daae03be.jpeg\" class=\"w-grid-item-anchor\" aria-label=\"Hotel Eden Levico Terme\"><\/a>\r\n\t\t\t\t\t\t<div class=\"w-post-elm post_image usg_post_image_1 stretched\"><img loading=\"lazy\" decoding=\"async\" width=\"960\" height=\"640\" src=\"https:\/\/eden-hotel.com\/wp-content\/uploads\/2023\/06\/turisti-mercatini-natale-rovereto-trentino-daae03be.jpeg\" class=\"attachment-large size-large\" alt=\"Hotel Eden Levico Terme\" srcset=\"https:\/\/eden-hotel.com\/wp-content\/uploads\/2023\/06\/turisti-mercatini-natale-rovereto-trentino-daae03be.jpeg 960w, https:\/\/eden-hotel.com\/wp-content\/uploads\/2023\/06\/turisti-mercatini-natale-rovereto-trentino-daae03be-300x200.jpeg 300w\" sizes=\"auto, (max-width: 960px) 100vw, 960px\" \/><\/div>\t\t<\/div>\r\n\t\t\t<\/article>\r\n<\/div><div class=\"g-loadmore hidden\"><div class=\"g-preloader type_1\"><div><\/div><\/div><\/div><div class=\"w-grid-list-json hidden\" onclick='return {&quot;max_num_pages&quot;:0,&quot;paginationBase&quot;:&quot;page&quot;,&quot;pagination&quot;:&quot;none&quot;,&quot;paged&quot;:1,&quot;ajaxData&quot;:{&quot;action&quot;:&quot;us_ajax_post_list&quot;,&quot;meta_type&quot;:&quot;post&quot;,&quot;object_id&quot;:0,&quot;template_vars&quot;:{&quot;shortcode_base&quot;:&quot;us_post_list&quot;,&quot;paged&quot;:1,&quot;max_num_pages&quot;:0,&quot;no_results&quot;:false,&quot;us_post_content_design_css&quot;:[],&quot;found_posts&quot;:0,&quot;per_page&quot;:10,&quot;items_count&quot;:4,&quot;orderby_random_seed&quot;:null,&quot;source&quot;:&quot;media&quot;,&quot;custom_field_name&quot;:&quot;&quot;,&quot;ids&quot;:&quot;&quot;,&quot;post_type&quot;:&quot;&quot;,&quot;attachment_ids&quot;:&quot;890,893,896,899&quot;,&quot;include_post_thumbnail&quot;:0,&quot;post_author&quot;:&quot;any&quot;,&quot;post_author_ids&quot;:&quot;&quot;,&quot;apply_url_params&quot;:&quot;1&quot;,&quot;ignore_sticky_posts&quot;:&quot;0&quot;,&quot;exclude_children&quot;:0,&quot;exclude_current_post&quot;:1,&quot;exclude_prev_posts&quot;:0,&quot;exclude_past_events&quot;:&quot;1&quot;,&quot;enable_items_offset&quot;:0,&quot;items_offset&quot;:&quot;1&quot;,&quot;tax_query_relation&quot;:&quot;none&quot;,&quot;tax_query&quot;:[{&quot;operator&quot;:&quot;IN&quot;,&quot;taxonomy&quot;:&quot;category&quot;,&quot;terms&quot;:&quot;&quot;,&quot;include_children&quot;:0}],&quot;meta_query_relation&quot;:&quot;none&quot;,&quot;meta_query&quot;:[{&quot;key&quot;:&quot;custom_field_name&quot;,&quot;compare&quot;:&quot;=&quot;,&quot;value&quot;:&quot;&quot;}],&quot;orderby&quot;:&quot;post__in&quot;,&quot;orderby_custom_field&quot;:&quot;&quot;,&quot;orderby_custom_type&quot;:0,&quot;order_invert&quot;:&quot;1&quot;,&quot;show_all&quot;:0,&quot;quantity&quot;:&quot;10&quot;,&quot;posts_per_archive_page&quot;:0,&quot;no_items_action&quot;:&quot;message&quot;,&quot;no_items_message&quot;:&quot;Es wurden keine Ergebnisse gefunden.&quot;,&quot;no_items_page_block&quot;:&quot;&quot;,&quot;pagination&quot;:&quot;none&quot;,&quot;pagination_style&quot;:&quot;&quot;,&quot;pagination_btn_text&quot;:&quot;Mehr laden&quot;,&quot;pagination_btn_size&quot;:&quot;&quot;,&quot;pagination_btn_style&quot;:&quot;1&quot;,&quot;pagination_btn_fullwidth&quot;:0,&quot;items_layout&quot;:&quot;gallery_cropped&quot;,&quot;type&quot;:&quot;grid&quot;,&quot;items_valign&quot;:0,&quot;ignore_items_size&quot;:0,&quot;columns&quot;:&quot;4&quot;,&quot;items_gap&quot;:&quot;0.2rem&quot;,&quot;load_animation&quot;:&quot;none&quot;,&quot;items_preload_style&quot;:&quot;spinner&quot;,&quot;img_size&quot;:&quot;default&quot;,&quot;title_size&quot;:&quot;&quot;,&quot;items_ratio&quot;:&quot;default&quot;,&quot;items_ratio_width&quot;:&quot;21&quot;,&quot;items_ratio_height&quot;:&quot;9&quot;,&quot;overriding_link&quot;:&quot;%7B%22type%22%3A%22popup_image%22%7D&quot;,&quot;popup_page_template&quot;:&quot;0&quot;,&quot;popup_width&quot;:&quot;&quot;,&quot;popup_arrows&quot;:1,&quot;breakpoint_1_width&quot;:&quot;1381px&quot;,&quot;breakpoint_1_cols&quot;:&quot;3&quot;,&quot;breakpoint_1_quantity&quot;:&quot;&quot;,&quot;breakpoint_1_gap&quot;:&quot;&quot;,&quot;breakpoint_2_width&quot;:&quot;1025px&quot;,&quot;breakpoint_2_cols&quot;:&quot;2&quot;,&quot;breakpoint_2_quantity&quot;:&quot;&quot;,&quot;breakpoint_2_gap&quot;:&quot;&quot;,&quot;breakpoint_3_width&quot;:&quot;601px&quot;,&quot;breakpoint_3_cols&quot;:&quot;2&quot;,&quot;breakpoint_3_quantity&quot;:&quot;&quot;,&quot;breakpoint_3_gap&quot;:&quot;&quot;,&quot;conditions_operator&quot;:&quot;always&quot;,&quot;conditions&quot;:[],&quot;css&quot;:null,&quot;el_class&quot;:&quot;&quot;,&quot;el_id&quot;:&quot;&quot;,&quot;enable_custom_html_atts&quot;:0,&quot;custom_html_atts&quot;:null,&quot;hide_on_states&quot;:&quot;&quot;,&quot;hide_for_sticky&quot;:0,&quot;hide_for_not_sticky&quot;:0,&quot;hide_below&quot;:&quot;0px&quot;,&quot;hide_above&quot;:&quot;0px&quot;,&quot;classes&quot;:&quot;&quot;},&quot;found_posts&quot;:0,&quot;per_page&quot;:10,&quot;list_filters&quot;:&quot;[]&quot;},&quot;facetedFilter&quot;:{&quot;query_args_unfiltered&quot;:&quot;{\\&quot;ignore_sticky_posts\\&quot;:false,\\&quot;post__not_in\\&quot;:[],\\&quot;tax_query\\&quot;:[],\\&quot;meta_query\\&quot;:[],\\&quot;posts_per_page\\&quot;:10,\\&quot;paged\\&quot;:1,\\&quot;apply_list_url_params\\&quot;:true,\\&quot;post_type\\&quot;:\\&quot;attachment\\&quot;,\\&quot;no_found_rows\\&quot;:true,\\&quot;post_status\\&quot;:\\&quot;inherit\\&quot;,\\&quot;post_mime_type\\&quot;:\\&quot;image\\&quot;,\\&quot;post__in\\&quot;:[\\&quot;890\\&quot;,\\&quot;893\\&quot;,\\&quot;896\\&quot;,\\&quot;899\\&quot;]}&quot;}}'><\/div><\/div><\/div><\/div><\/div><\/div><\/section>\n","protected":false},"excerpt":{"rendered":"","protected":false},"author":1,"featured_media":886,"parent":1088,"menu_order":0,"comment_status":"closed","ping_status":"closed","template":"","meta":{"_acf_changed":false,"inline_featured_image":false,"footnotes":""},"class_list":["post-1181","page","type-page","status-publish","has-post-thumbnail","hentry"],"acf":[],"yoast_head":"<!-- This site is optimized with the Yoast SEO plugin v27.5 - https:\/\/yoast.com\/product\/yoast-seo-wordpress\/ -->\n<title>Mercatini Natale Levico Terme<\/title>\n<meta name=\"description\" content=\"La tradizionale festa di Natale a Levico Terme, tra artigianato, cibo tipico, vin brul\u00e8 per i grandi e giochi per i pi\u00f9 piccoli.\" \/>\n<meta name=\"robots\" content=\"index, follow, max-snippet:-1, max-image-preview:large, max-video-preview:-1\" \/>\n<link rel=\"canonical\" href=\"https:\/\/eden-hotel.com\/de\/what-to-do-in-levico\/aktivitaeten\/weihnachtsmaerkte\/\" \/>\n<meta property=\"og:locale\" content=\"de_DE\" \/>\n<meta property=\"og:type\" content=\"article\" \/>\n<meta property=\"og:title\" content=\"Mercatini Natale Levico Terme\" \/>\n<meta property=\"og:description\" content=\"La tradizionale festa di Natale a Levico Terme, tra artigianato, cibo tipico, vin brul\u00e8 per i grandi e giochi per i pi\u00f9 piccoli.\" \/>\n<meta property=\"og:url\" content=\"https:\/\/eden-hotel.com\/de\/what-to-do-in-levico\/aktivitaeten\/weihnachtsmaerkte\/\" \/>\n<meta property=\"og:site_name\" content=\"Hotel Eden Levico Terme\" \/>\n<meta property=\"article:publisher\" content=\"https:\/\/www.facebook.com\/HotelEdenLevicoTerme\" \/>\n<meta property=\"article:modified_time\" content=\"2026-04-29T09:52:36+00:00\" \/>\n<meta property=\"og:image\" content=\"https:\/\/eden-hotel.com\/wp-content\/uploads\/2023\/06\/mercatini-natale-levico-terme-valsugana-8391c7a2.jpeg\" \/>\n\t<meta property=\"og:image:width\" content=\"1920\" \/>\n\t<meta property=\"og:image:height\" content=\"1080\" \/>\n\t<meta property=\"og:image:type\" content=\"image\/jpeg\" \/>\n<meta name=\"twitter:card\" content=\"summary_large_image\" \/>\n<meta name=\"twitter:label1\" content=\"Gesch\u00e4tzte Lesezeit\" \/>\n\t<meta name=\"twitter:data1\" content=\"2\u00a0Minuten\" \/>\n<script type=\"application\/ld+json\" class=\"yoast-schema-graph\">{\"@context\":\"https:\\\/\\\/schema.org\",\"@graph\":[{\"@type\":\"WebPage\",\"@id\":\"https:\\\/\\\/eden-hotel.com\\\/de\\\/what-to-do-in-levico\\\/aktivitaeten\\\/weihnachtsmaerkte\\\/\",\"url\":\"https:\\\/\\\/eden-hotel.com\\\/de\\\/what-to-do-in-levico\\\/aktivitaeten\\\/weihnachtsmaerkte\\\/\",\"name\":\"Mercatini Natale Levico Terme\",\"isPartOf\":{\"@id\":\"https:\\\/\\\/eden-hotel.com\\\/#website\"},\"primaryImageOfPage\":{\"@id\":\"https:\\\/\\\/eden-hotel.com\\\/de\\\/what-to-do-in-levico\\\/aktivitaeten\\\/weihnachtsmaerkte\\\/#primaryimage\"},\"image\":{\"@id\":\"https:\\\/\\\/eden-hotel.com\\\/de\\\/what-to-do-in-levico\\\/aktivitaeten\\\/weihnachtsmaerkte\\\/#primaryimage\"},\"thumbnailUrl\":\"https:\\\/\\\/eden-hotel.com\\\/wp-content\\\/uploads\\\/2023\\\/06\\\/mercatini-natale-levico-terme-valsugana-8391c7a2.jpeg\",\"datePublished\":\"2023-06-23T12:07:23+00:00\",\"dateModified\":\"2026-04-29T09:52:36+00:00\",\"description\":\"La tradizionale festa di Natale a Levico Terme, tra artigianato, cibo tipico, vin brul\u00e8 per i grandi e giochi per i pi\u00f9 piccoli.\",\"breadcrumb\":{\"@id\":\"https:\\\/\\\/eden-hotel.com\\\/de\\\/what-to-do-in-levico\\\/aktivitaeten\\\/weihnachtsmaerkte\\\/#breadcrumb\"},\"inLanguage\":\"de\",\"potentialAction\":[{\"@type\":\"ReadAction\",\"target\":[\"https:\\\/\\\/eden-hotel.com\\\/de\\\/what-to-do-in-levico\\\/aktivitaeten\\\/weihnachtsmaerkte\\\/\"]}]},{\"@type\":\"ImageObject\",\"inLanguage\":\"de\",\"@id\":\"https:\\\/\\\/eden-hotel.com\\\/de\\\/what-to-do-in-levico\\\/aktivitaeten\\\/weihnachtsmaerkte\\\/#primaryimage\",\"url\":\"https:\\\/\\\/eden-hotel.com\\\/wp-content\\\/uploads\\\/2023\\\/06\\\/mercatini-natale-levico-terme-valsugana-8391c7a2.jpeg\",\"contentUrl\":\"https:\\\/\\\/eden-hotel.com\\\/wp-content\\\/uploads\\\/2023\\\/06\\\/mercatini-natale-levico-terme-valsugana-8391c7a2.jpeg\",\"width\":1920,\"height\":1080,\"caption\":\"Hotel Eden Levico Terme\"},{\"@type\":\"BreadcrumbList\",\"@id\":\"https:\\\/\\\/eden-hotel.com\\\/de\\\/what-to-do-in-levico\\\/aktivitaeten\\\/weihnachtsmaerkte\\\/#breadcrumb\",\"itemListElement\":[{\"@type\":\"ListItem\",\"position\":1,\"name\":\"Home\",\"item\":\"https:\\\/\\\/eden-hotel.com\\\/de\\\/\"},{\"@type\":\"ListItem\",\"position\":2,\"name\":\"What to do in Levico\",\"item\":\"https:\\\/\\\/eden-hotel.com\\\/de\\\/what-to-do-in-levico\\\/\"},{\"@type\":\"ListItem\",\"position\":3,\"name\":\"Aktivit\u00e4ten\",\"item\":\"https:\\\/\\\/eden-hotel.com\\\/de\\\/what-to-do-in-levico\\\/aktivitaeten\\\/\"},{\"@type\":\"ListItem\",\"position\":4,\"name\":\"WEIHNACHTSM\u00c4RKTE\"}]},{\"@type\":\"WebSite\",\"@id\":\"https:\\\/\\\/eden-hotel.com\\\/#website\",\"url\":\"https:\\\/\\\/eden-hotel.com\\\/\",\"name\":\"Hotel Eden Levico Terme\",\"description\":\"Hotel Eden Levico Terme\",\"publisher\":{\"@id\":\"https:\\\/\\\/eden-hotel.com\\\/#organization\"},\"potentialAction\":[{\"@type\":\"SearchAction\",\"target\":{\"@type\":\"EntryPoint\",\"urlTemplate\":\"https:\\\/\\\/eden-hotel.com\\\/?s={search_term_string}\"},\"query-input\":{\"@type\":\"PropertyValueSpecification\",\"valueRequired\":true,\"valueName\":\"search_term_string\"}}],\"inLanguage\":\"de\"},{\"@type\":\"Organization\",\"@id\":\"https:\\\/\\\/eden-hotel.com\\\/#organization\",\"name\":\"Hotel Eden Levico Terme\",\"url\":\"https:\\\/\\\/eden-hotel.com\\\/\",\"logo\":{\"@type\":\"ImageObject\",\"inLanguage\":\"de\",\"@id\":\"https:\\\/\\\/eden-hotel.com\\\/#\\\/schema\\\/logo\\\/image\\\/\",\"url\":\"http:\\\/\\\/eden-hotel.com\\\/wp-content\\\/uploads\\\/2023\\\/06\\\/logo-d34bb626.png\",\"contentUrl\":\"http:\\\/\\\/eden-hotel.com\\\/wp-content\\\/uploads\\\/2023\\\/06\\\/logo-d34bb626.png\",\"width\":182,\"height\":83,\"caption\":\"Hotel Eden Levico Terme\"},\"image\":{\"@id\":\"https:\\\/\\\/eden-hotel.com\\\/#\\\/schema\\\/logo\\\/image\\\/\"},\"sameAs\":[\"https:\\\/\\\/www.facebook.com\\\/HotelEdenLevicoTerme\"]}]}<\/script>\n<!-- \/ Yoast SEO plugin. -->","yoast_head_json":{"title":"Mercatini Natale Levico Terme","description":"La tradizionale festa di Natale a Levico Terme, tra artigianato, cibo tipico, vin brul\u00e8 per i grandi e giochi per i pi\u00f9 piccoli.","robots":{"index":"index","follow":"follow","max-snippet":"max-snippet:-1","max-image-preview":"max-image-preview:large","max-video-preview":"max-video-preview:-1"},"canonical":"https:\/\/eden-hotel.com\/de\/what-to-do-in-levico\/aktivitaeten\/weihnachtsmaerkte\/","og_locale":"de_DE","og_type":"article","og_title":"Mercatini Natale Levico Terme","og_description":"La tradizionale festa di Natale a Levico Terme, tra artigianato, cibo tipico, vin brul\u00e8 per i grandi e giochi per i pi\u00f9 piccoli.","og_url":"https:\/\/eden-hotel.com\/de\/what-to-do-in-levico\/aktivitaeten\/weihnachtsmaerkte\/","og_site_name":"Hotel Eden Levico Terme","article_publisher":"https:\/\/www.facebook.com\/HotelEdenLevicoTerme","article_modified_time":"2026-04-29T09:52:36+00:00","og_image":[{"width":1920,"height":1080,"url":"https:\/\/eden-hotel.com\/wp-content\/uploads\/2023\/06\/mercatini-natale-levico-terme-valsugana-8391c7a2.jpeg","type":"image\/jpeg"}],"twitter_card":"summary_large_image","twitter_misc":{"Gesch\u00e4tzte Lesezeit":"2\u00a0Minuten"},"schema":{"@context":"https:\/\/schema.org","@graph":[{"@type":"WebPage","@id":"https:\/\/eden-hotel.com\/de\/what-to-do-in-levico\/aktivitaeten\/weihnachtsmaerkte\/","url":"https:\/\/eden-hotel.com\/de\/what-to-do-in-levico\/aktivitaeten\/weihnachtsmaerkte\/","name":"Mercatini Natale Levico Terme","isPartOf":{"@id":"https:\/\/eden-hotel.com\/#website"},"primaryImageOfPage":{"@id":"https:\/\/eden-hotel.com\/de\/what-to-do-in-levico\/aktivitaeten\/weihnachtsmaerkte\/#primaryimage"},"image":{"@id":"https:\/\/eden-hotel.com\/de\/what-to-do-in-levico\/aktivitaeten\/weihnachtsmaerkte\/#primaryimage"},"thumbnailUrl":"https:\/\/eden-hotel.com\/wp-content\/uploads\/2023\/06\/mercatini-natale-levico-terme-valsugana-8391c7a2.jpeg","datePublished":"2023-06-23T12:07:23+00:00","dateModified":"2026-04-29T09:52:36+00:00","description":"La tradizionale festa di Natale a Levico Terme, tra artigianato, cibo tipico, vin brul\u00e8 per i grandi e giochi per i pi\u00f9 piccoli.","breadcrumb":{"@id":"https:\/\/eden-hotel.com\/de\/what-to-do-in-levico\/aktivitaeten\/weihnachtsmaerkte\/#breadcrumb"},"inLanguage":"de","potentialAction":[{"@type":"ReadAction","target":["https:\/\/eden-hotel.com\/de\/what-to-do-in-levico\/aktivitaeten\/weihnachtsmaerkte\/"]}]},{"@type":"ImageObject","inLanguage":"de","@id":"https:\/\/eden-hotel.com\/de\/what-to-do-in-levico\/aktivitaeten\/weihnachtsmaerkte\/#primaryimage","url":"https:\/\/eden-hotel.com\/wp-content\/uploads\/2023\/06\/mercatini-natale-levico-terme-valsugana-8391c7a2.jpeg","contentUrl":"https:\/\/eden-hotel.com\/wp-content\/uploads\/2023\/06\/mercatini-natale-levico-terme-valsugana-8391c7a2.jpeg","width":1920,"height":1080,"caption":"Hotel Eden Levico Terme"},{"@type":"BreadcrumbList","@id":"https:\/\/eden-hotel.com\/de\/what-to-do-in-levico\/aktivitaeten\/weihnachtsmaerkte\/#breadcrumb","itemListElement":[{"@type":"ListItem","position":1,"name":"Home","item":"https:\/\/eden-hotel.com\/de\/"},{"@type":"ListItem","position":2,"name":"What to do in Levico","item":"https:\/\/eden-hotel.com\/de\/what-to-do-in-levico\/"},{"@type":"ListItem","position":3,"name":"Aktivit\u00e4ten","item":"https:\/\/eden-hotel.com\/de\/what-to-do-in-levico\/aktivitaeten\/"},{"@type":"ListItem","position":4,"name":"WEIHNACHTSM\u00c4RKTE"}]},{"@type":"WebSite","@id":"https:\/\/eden-hotel.com\/#website","url":"https:\/\/eden-hotel.com\/","name":"Hotel Eden Levico Terme","description":"Hotel Eden Levico Terme","publisher":{"@id":"https:\/\/eden-hotel.com\/#organization"},"potentialAction":[{"@type":"SearchAction","target":{"@type":"EntryPoint","urlTemplate":"https:\/\/eden-hotel.com\/?s={search_term_string}"},"query-input":{"@type":"PropertyValueSpecification","valueRequired":true,"valueName":"search_term_string"}}],"inLanguage":"de"},{"@type":"Organization","@id":"https:\/\/eden-hotel.com\/#organization","name":"Hotel Eden Levico Terme","url":"https:\/\/eden-hotel.com\/","logo":{"@type":"ImageObject","inLanguage":"de","@id":"https:\/\/eden-hotel.com\/#\/schema\/logo\/image\/","url":"http:\/\/eden-hotel.com\/wp-content\/uploads\/2023\/06\/logo-d34bb626.png","contentUrl":"http:\/\/eden-hotel.com\/wp-content\/uploads\/2023\/06\/logo-d34bb626.png","width":182,"height":83,"caption":"Hotel Eden Levico Terme"},"image":{"@id":"https:\/\/eden-hotel.com\/#\/schema\/logo\/image\/"},"sameAs":["https:\/\/www.facebook.com\/HotelEdenLevicoTerme"]}]}},"publishpress_future_action":{"enabled":false,"date":"2026-05-06 14:12:24","action":"change-status","newStatus":"draft","terms":[],"taxonomy":"translation_priority","extraData":[]},"publishpress_future_workflow_manual_trigger":{"enabledWorkflows":[]},"_links":{"self":[{"href":"https:\/\/eden-hotel.com\/de\/wp-json\/wp\/v2\/pages\/1181","targetHints":{"allow":["GET"]}}],"collection":[{"href":"https:\/\/eden-hotel.com\/de\/wp-json\/wp\/v2\/pages"}],"about":[{"href":"https:\/\/eden-hotel.com\/de\/wp-json\/wp\/v2\/types\/page"}],"author":[{"embeddable":true,"href":"https:\/\/eden-hotel.com\/de\/wp-json\/wp\/v2\/users\/1"}],"replies":[{"embeddable":true,"href":"https:\/\/eden-hotel.com\/de\/wp-json\/wp\/v2\/comments?post=1181"}],"version-history":[{"count":4,"href":"https:\/\/eden-hotel.com\/de\/wp-json\/wp\/v2\/pages\/1181\/revisions"}],"predecessor-version":[{"id":1889,"href":"https:\/\/eden-hotel.com\/de\/wp-json\/wp\/v2\/pages\/1181\/revisions\/1889"}],"up":[{"embeddable":true,"href":"https:\/\/eden-hotel.com\/de\/wp-json\/wp\/v2\/pages\/1088"}],"wp:featuredmedia":[{"embeddable":true,"href":"https:\/\/eden-hotel.com\/de\/wp-json\/wp\/v2\/media\/886"}],"wp:attachment":[{"href":"https:\/\/eden-hotel.com\/de\/wp-json\/wp\/v2\/media?parent=1181"}],"curies":[{"name":"wp","href":"https:\/\/api.w.org\/{rel}","templated":true}]}}